{"id":216,"date":"2012-08-28T09:44:10","date_gmt":"2012-08-28T07:44:10","guid":{"rendered":"http:\/\/www.csvts.cz\/cspzp\/?page_id=216"},"modified":"2014-04-07T14:52:59","modified_gmt":"2014-04-07T12:52:59","slug":"clanky","status":"publish","type":"page","link":"http:\/\/www.spolky-csvts.cz\/spolekzp\/odborna-cinnost\/clanky\/","title":{"rendered":"\u010cL\u00c1NKY"},"content":{"rendered":"<p><span style=\"text-decoration: underline;\"><strong>2014:<\/strong><\/span><\/p>\n<p>&nbsp;<\/p>\n<p><b><span style=\"text-decoration: underline;\">I n f o r m a c e\u00a0 o\u00a0 s\u00a0e m i n \u00e1 \u0159 i<\/span><\/b><\/p>\n<p>Semin\u00e1\u0159e <b>\u201eZku\u0161enosti z\u00a0povodn\u00ed posledn\u00edch dvaceti let a jejich vyu\u017eit\u00ed v\u00a0p\u0159ipravenosti a prevenci\u201c<\/b>, kter\u00fd pod z\u00e1\u0161titou ministra zem\u011bd\u011blstv\u00ed uspo\u0159\u00e1dal dne 27. \u00fanora 2014 spole\u010dn\u011b \u010cesk\u00fd spolek pro p\u00e9\u010di o \u017eivotn\u00ed prost\u0159ed\u00ed a \u010cesk\u00fd n\u00e1rodn\u00ed v\u00fdbor pro omezov\u00e1n\u00ed n\u00e1sledk\u016f katastrof za podpory radnice Prahy 9, se z\u00fa\u010dastnilo celkem 105 \u00fa\u010dastn\u00edk\u016f z\u00a0r\u016fzn\u00fdch oblasti ve\u0159ejn\u00e9 spr\u00e1vy, podnikov\u00e9 i odborn\u00e9 sf\u00e9ry. Tento z\u00e1jem uk\u00e1zal st\u00e1le velkou aktu\u00e1lnost t\u00e9matu povodn\u00ed a jejich prevence, kter\u00fd byl zintenz\u00edvn\u011bn prod\u011bl\u00e1n\u00edm dal\u0161\u00ed z\u00a0velk\u00fdch povodn\u00ed v \u010dervnu 2013. Semin\u00e1\u0159 splnil sv\u00e9 posl\u00e1n\u00ed a p\u0159isp\u011bl ke zv\u00fd\u0161en\u00ed odborn\u00e9 informovanosti a uvedl zku\u0161enosti a p\u0159\u00edklady dobr\u00e9 praxe s\u00a0povod\u0148ovou prevenc\u00ed jak na celost\u00e1tn\u00ed, tak i lok\u00e1ln\u00ed \u00farovni. Na programu p\u0159edn\u00e1\u0161ek se pod\u00edleli jak odborn\u00edci z\u00a0r\u016fzn\u00fdch instituc\u00ed, tak i starostov\u00e9 obc\u00ed, kter\u00e9 byly povodn\u00ed p\u0159\u00edmo zasa\u017eeny. To umo\u017enilo bohatou diskusi a nalezen\u00ed n\u011bkter\u00fdch poznatk\u016f a z\u00e1v\u011br\u016f platn\u00fdch pro prevenci povodn\u00ed u n\u00e1s.<\/p>\n<p><b>\u00a0<\/b><\/p>\n<p><b>Program semin\u00e1\u0159e se skl\u00e1dal ze dvou blok\u016f:<\/b><\/p>\n<p><b><span style=\"text-decoration: underline;\">1. blok: \u00a0P\u0159\u00ed\u010diny povodn\u00ed, v\u00fdstra\u017en\u00e1 slu\u017eba, vodn\u00ed hospod\u00e1\u0159stv\u00ed, \u010dinnost hasi\u010d\u016f<\/span><\/b><\/p>\n<p><b>\u00a0<\/b><\/p>\n<p><b>Ing. IVAN OBRUSN\u00cdK, DrSc<\/b><i><span style=\"text-decoration: underline;\">.<\/span>, \u010cesk\u00fd n\u00e1rodn\u00ed v\u00fdbor pro omezov\u00e1n\u00ed n\u00e1sledk\u016f katastrof<\/i><\/p>\n<p><b>Povode\u0148 2013 a mo\u017enosti sni\u017eov\u00e1n\u00ed n\u00e1sledk\u016f katastrof<\/b><\/p>\n<p><b>\u00a0<\/b><\/p>\n<p><i>Povodn\u011b n\u00e1s ohro\u017euj\u00ed st\u00e1le, a proto je t\u0159eba se nau\u010dit s\u00a0nimi \u201e\u017e\u00edt\u201c a to tak, \u017ee budeme kontinu\u00e1ln\u011b zvy\u0161ovat na\u0161i p\u0159ipravenost, zlep\u0161ovat reakci na v\u010dasn\u00e1 varov\u00e1n\u00ed a tak\u00e9 zvy\u0161ovat odolnost infrastruktury a staveb. K\u00a0tomu je t\u0159eba spojit \u00fasil\u00ed na v\u0161ech \u00farovn\u00edch \u2013 od st\u00e1tu p\u0159es kraje, obce, podnikovou sf\u00e9ru a\u017e k\u00a0jednotliv\u00fdm ob\u010dan\u016fm. Proto je t\u0159eba v\u011bnovat \u00fasil\u00ed i \u0161kolen\u00edm, cvi\u010den\u00edm a vzd\u011bl\u00e1v\u00e1n\u00ed v\u00a0oblasti prevence.<\/i><\/p>\n<p><b><span style=\"text-decoration: underline;\">\u00a0<\/span><\/b><\/p>\n<p><b>Ing. PAVEL PUN\u010cOCH\u00c1\u0158, CSc<span style=\"text-decoration: underline;\">.<\/span><\/b><i>, Ministerstvo zem\u011bd\u011blstv\u00ed \u010cR, vrchn\u00ed \u0159editel sekce vod. hosp. <\/i><\/p>\n<p><b>Povodn\u011b 2013 z\u00a0pohledu Ministerstva zem\u011bd\u011blstv\u00ed<\/b><\/p>\n<p><b><span style=\"text-decoration: underline;\">\u00a0<\/span><\/b><\/p>\n<p><i>Odli\u0161nosti povodn\u011b 2013 od p\u0159edchoz\u00edch velk\u00fdch povodn\u00ed, protipovod\u0148ov\u00e1 opat\u0159en\u00ed, reakce dispe\u010dink\u016f s.p. Povod\u00ed, navrhovan\u00e1 budouc\u00ed opat\u0159en\u00ed ke zlep\u0161en\u00ed ochrany p\u0159ed povodn\u011bmi, v\u011bt\u0161\u00ed pozornost i preventivn\u00edm \u010dinnostem v\u00a0obdob\u00ed mimo povodn\u011b.<\/i><\/p>\n<p><i>\u00a0<\/i><\/p>\n<p><b>RNDr. MARIAN SANDEV<\/b><i>, vedouc\u00ed centr\u00e1ln\u00edho p\u0159edpov\u011bdn\u00edho pracovi\u0161t\u011b \u010cHM\u00da<\/i><\/p>\n<p><b>Meteorologick\u00e1 p\u0159edpov\u011b\u010f a syst\u00e9m v\u00fdstra\u017en\u00e9 slu\u017eby p\u0159i povodn\u00edch 2013<\/b><i> <\/i><\/p>\n<p><i>\u00a0<\/i><\/p>\n<p><i>P\u0159edpov\u011b\u010f po\u010das\u00ed, \u0161\u00ed\u0159en\u00ed v\u00fdstrah, komunikace mezi institucemi integrovan\u00e9ho varovn\u00e9ho a v\u00fdstra\u017en\u00e9ho syst\u00e9mu, komunikace s\u00a0ve\u0159ejnost\u00ed, zku\u0161enosti a mo\u017enosti pro zp\u0159es\u0148ov\u00e1n\u00ed p\u0159edpov\u011bdn\u00edch model\u016f.<\/i><\/p>\n<p><i>\u00a0<\/i><\/p>\n<p><b>RNDr. JAN DA\u0147HELKA, Ph.D.\u00a0 a\u00a0 Ing. JAN KUB\u00c1T<\/b><i>, \u010cesk\u00fd hydrometeorologick\u00fd \u00fastav<\/i><\/p>\n<p><b>V\u00fdsledky, vyhodnocen\u00ed a specifick\u00e9 aspekty povodn\u00ed 2013<\/b><\/p>\n<p><i>\u00a0<\/i><\/p>\n<p><i>Prezentace v\u00fdsledk\u016f projektu M\u017dP \u201eVyhodnocen\u00ed povodn\u011b 2013\u201c, zpracovan\u00e9 v\u00a0\u010cHM\u00da, povode\u0148 na Doln\u00ed Lu\u017enici, rychlost n\u00e1stupu povodn\u011b v\u00a0Praze v\u010detn\u011b povodn\u011b na mal\u00fdch toc\u00edch jako Boti\u010di, problematika rozlivu na M\u011blnicku.<\/i><\/p>\n<p><i>\u00a0<\/i><\/p>\n<p><i>\u00a0<\/i><\/p>\n<p><b>plk. Ing. LUD\u011aK PRUDIL, <\/b><i>\u0159editel odboru opera\u010dn\u00edho \u0159\u00edzen\u00ed G\u0158 HZS \u010cR<\/i><\/p>\n<p><b>Zku\u0161enosti Hasi\u010dsk\u00e9ho z\u00e1chrann\u00e9ho sboru s\u00a0povodn\u011bmi v\u00a0posledn\u00edch letech <\/b><\/p>\n<p><b><i><span style=\"text-decoration: underline;\">\u00a0<\/span><\/i><\/b><\/p>\n<p><i>\u010cinnost HZS v\u00a0r\u00e1mci integrovan\u00e9ho z\u00e1chrann\u00e9ho syst\u00e9mu po vyd\u00e1n\u00ed v\u00fdstrahy na povodn\u011b, \u010dinnost HZS na celost\u00e1tn\u00ed a krajsk\u00e9 \u00farovni p\u0159i povodni 2013, spolupr\u00e1ce s\u00a0krizov\u00fdmi \u0161t\u00e1by v\u00a0obc\u00edch.<\/i><\/p>\n<p><i>\u00a0<\/i><\/p>\n<p><b>RNDr. ZBYN\u011aK VENCELIDES, Ph.D.<\/b><i>\u00a0 Ochrana podzemn\u00edch vod, s.r.o.<\/i><\/p>\n<p><tt><b>Dopady povodn\u00ed na re\u017eim podzemn\u00ed vody m\u011blk\u00e9ho kolektoru<\/b><\/tt><tt><b> <\/b><\/tt><\/p>\n<p><tt><b>\u00a0<\/b><\/tt><\/p>\n<p><tt><i>Zp\u016fsoby, jak se zv\u00fd\u0161en\u00e1 hladina v toku \u00a0projev\u00ed v kolektoru, pro\u010d m\u016f\u017ee v oblasti bezprost\u0159edn\u011b pod\u00e9l toku, p\u0159\u00edpadn\u011b v z\u00e1topov\u00e9m \u00fazem\u00ed doch\u00e1zet ke kontaminaci podzemn\u00ed vody a jak \u0159e\u0161it p\u0159\u00edpadn\u00e9 n\u00e1sledky.<\/i><\/tt><\/p>\n<p>&nbsp;<\/p>\n<p><b><span style=\"text-decoration: underline;\">2.blok: \u00a0Probl\u00e9my a zku\u0161enosti obc\u00ed se zvl\u00e1d\u00e1n\u00edm povodn\u00ed v\u00a0obc\u00edch, diskuse<\/span><\/b><\/p>\n<p>&nbsp;<\/p>\n<p><b>Ing. ALEXANDER DELLAM\u00c1RIA,<\/b><i> odbor krizov\u00e9ho \u0159\u00edzen\u00ed, M\u011bstsk\u00e1 \u010d\u00e1st Praha 9 <\/i><\/p>\n<p><tt><b>Zku\u0161enosti z \u010dervnov\u00e9 povodn\u011b 2013 na \u00fazem\u00ed m\u011bstsk\u00e9 \u010d\u00e1sti Prahy 9 <\/b><\/tt><\/p>\n<p><tt><b><span style=\"text-decoration: underline;\">\u00a0<\/span><\/b><\/tt><\/p>\n<p><tt><i>Povod\u0148ov\u00e1 situace v povod\u00ed Rokytky, organizace a \u010dinnost povod\u0148ov\u00fdch org\u00e1n\u016f protipovod\u0148ov\u00e1 opat\u0159en\u00ed k \u0159e\u0161en\u00ed povod\u0148ov\u00fdch situac\u00ed v n\u00e1sleduj\u00edc\u00edm obdob\u00ed.<\/i><\/tt><\/p>\n<p><i>\u00a0<\/i><\/p>\n<p><b>JI\u0158\u00cd \u010c\u00cd\u017dEK<\/b><i>, starosta Z\u00e1lezlic<\/i><\/p>\n<p><b>Zku\u0161enosti s\u00a0prevenc\u00ed a ochranou p\u0159ed povodn\u011bmi v\u00a0obci Z\u00e1lezlice<\/b><\/p>\n<p><b><span style=\"text-decoration: underline;\">\u00a0<\/span><\/b><\/p>\n<p><i>Zku\u0161enosti z\u00a0obce n\u011bkolikr\u00e1t zasa\u017een\u00e9 velk\u00fdmi povodn\u011bmi v\u00a0posledn\u00edch letech, probl\u00e9my s\u00a0p\u0159ipravenost\u00ed, hr\u00e1zemi i administrativn\u00edmi p\u0159ek\u00e1\u017ekami, navrhovan\u00e9 postupy ke zlep\u0161en\u00ed p\u0159ipravenosti na mo\u017en\u00e9 budouc\u00ed povodn\u011b.<\/i><\/p>\n<p><i>\u00a0<\/i><\/p>\n<p><b>Mgr. MARTIN MELICHAR<\/b><i>, Starosta M\u011bstsk\u00e9 \u010d\u00e1sti Praha-Chuchle<\/i><\/p>\n<p><b>Zku\u0161enosti men\u0161\u00ed obce se zvl\u00e1d\u00e1n\u00edm n\u00e1sledk\u016f povodn\u00ed a protipovod\u0148ov\u00e1 opat\u0159en\u00ed<\/b><\/p>\n<p><b><span style=\"text-decoration: underline;\">\u00a0<\/span><\/b><\/p>\n<p><i>Kdy\u017e jsme 27. b\u0159ezna 2013 kolaudovali mobiln\u00ed protipovod\u0148ov\u00e9 hrazen\u00ed a prov\u00e1d\u011bli n\u00e1cvik stavby hrazen\u00ed, ani ve snu by n\u00e1s nenapadlo, \u017ee za p\u00e1r t\u00fddn\u016f budeme toto hrazen\u00ed stav\u011bt, jak se \u0159\u00edk\u00e1 &#8211; \u201enaostro\u201c a k tomu v noci v pr\u016fb\u011bhu evakuace posti\u017een\u00fdch oblast\u00ed a za st\u00e1le se zvy\u0161uj\u00edc\u00ed hladiny Vltavy (v\u00fd\u0148atek z tisku).<\/i><\/p>\n<p><b>\u00a0<\/b><\/p>\n<p><b><i>V\u00a0z\u00e1v\u011bre\u010dn\u00e9 diskusi<\/i><\/b><i> pouk\u00e1zali jak p\u0159edn\u00e1\u0161ej\u00edc\u00ed, tak i ostatn\u00ed \u00fa\u010dastn\u00edci semin\u00e1\u0159e na dobr\u00e9 i n\u011bkter\u00e9 \u0161patn\u00e9 zku\u0161enosti, kter\u00e9 p\u0159inesly minul\u00e9 povodn\u011b a zd\u016fraznili mo\u017enost jejich vyu\u017eit\u00ed pro omezov\u00e1n\u00ed budouc\u00edch povodn\u00ed i jejich n\u00e1sledk\u016f. Souhrn z\u00e1v\u011br\u016f ze Semin\u00e1\u0159e je uveden v\u00a0p\u0159\u00edloze.<\/i><\/p>\n<p>&nbsp;<\/p>\n<p><b>Z\u00a0jedn\u00e1n\u00ed Semin\u00e1\u0159e a diskus\u00ed mezi \u00fa\u010dastn\u00edky vyplynulo n\u011bkolik z\u00e1v\u011br\u016f:<\/b><\/p>\n<p>&nbsp;<\/p>\n<p>1) Semin\u00e1\u0159 p\u0159inesl \u0159adu informac\u00ed ke zlep\u0161en\u00ed orientace v\u00a0prevenci a p\u0159ipravenosti na budouc\u00ed povodn\u011b. \u00da\u010dastn\u00edci se shodli na tom, \u017ee i kdy\u017e ve\u0159ejn\u00e1 spr\u00e1va, priv\u00e1tn\u00ed sektor i ob\u010dan\u00e9 dok\u00e1zali \u010dervnov\u00e9 povodni 2013 pom\u011brn\u011b \u00fasp\u011b\u0161n\u011b (i kdy\u017e ne v\u0161ude) \u010delit, uk\u00e1zaly se i n\u011bkter\u00e9 probl\u00e9my a nedostatky prezentovan\u00e9 na Semin\u00e1\u0159i, kter\u00e9 se objevily u\u017e za d\u0159\u00edv\u011bj\u0161\u00edch velk\u00fdch povodn\u00ed na na\u0161em \u00fazem\u00ed. Pr\u00e1v\u011b z\u00a0t\u011bchto probl\u00e9m\u016f a nedostatk\u016f je t\u0159eba se pou\u010dit.<\/p>\n<p>2) Velmi d\u016fle\u017eitou roli p\u0159i povodn\u00edch hraj\u00ed slo\u017eky integrovan\u00e9ho z\u00e1chrann\u00e9ho syst\u00e9mu. Jeho spu\u0161t\u011bn\u00ed a rychl\u00e1 reakce na v\u00fdstrahu na povode\u0148 jsou siln\u011b z\u00e1visl\u00e9 na p\u0159esnosti a dostate\u010dn\u00e9m p\u0159edstihu p\u0159edpov\u011bd\u00ed a v\u00fdstrah z\u00a0\u010cesk\u00e9ho hydrometeorologick\u00e9ho \u00fastavu (\u010cHM\u00da) a \u010dasto i na v\u010dasn\u00e9 manipulaci s\u00a0vodn\u00edmi d\u00edly (zejm\u00e9na Podniky Povod\u00ed, s.p.). Proto by m\u011bl \u010cHM\u00da spole\u010dn\u011b s\u00a0Podniky Povod\u00ed a odborn\u00edky z\u00a0akademick\u00e9 sf\u00e9ry v\u011bnovat v\u011bt\u0161\u00ed kapacity a prost\u0159edky projekt\u016fm na zlep\u0161en\u00ed meteorologick\u00fdch model\u016f pro p\u0159edpov\u00edd\u00e1n\u00ed sr\u00e1\u017eek a hydrologick\u00fdch model\u016f pro p\u0159edpov\u011bdi povod\u0148ov\u00fdch stav\u016f. Nezbytn\u00e9 bude i zkvalitn\u011bn\u00ed pozorovac\u00edch s\u00edt\u00ed. K\u00a0tomu v\u0161ak bude t\u0159eba zajistit dostate\u010dn\u00e9 finan\u010dn\u00ed a person\u00e1ln\u00ed kapacity ze strany vl\u00e1dy. Rovn\u011b\u017e vyu\u017e\u00edv\u00e1n\u00ed evropsk\u00fdch projekt\u016f pro tyto \u00fa\u010dely by m\u011blo b\u00fdt vy\u0161\u0161\u00ed a administrativn\u011b snadn\u011bj\u0161\u00ed ne\u017e dosud.<\/p>\n<p>3) Povod\u0148ov\u00e9 komise i krizov\u00e9 \u0161t\u00e1by na v\u0161ech \u00farovn\u00edch pracovaly pom\u011brn\u011b dob\u0159e, i kdy\u017e v\u00a0jejich \u010dinnosti se projevila z\u00e1vislost na kvalit\u011b a v\u010dasnosti p\u0159edpov\u011bd\u00ed a v\u00fdstrah a jejich \u0161\u00ed\u0159en\u00ed. Probl\u00e9mem z\u016fst\u00e1v\u00e1 velmi mal\u00e1 \u010dinnost povod\u0148ov\u00fdch komis\u00ed v\u010detn\u011b \u00dast\u0159edn\u00ed povod\u0148ov\u00e9 komise v\u00a0obdob\u00ed \u201eklidu mezi povodn\u011bmi\u201c, kdy by se m\u011bly zab\u00fdvat dlouhodob\u011bj\u0161\u00edmi preventivn\u00edmi opat\u0159en\u00edmi ke zvy\u0161ov\u00e1n\u00ed odolnosti v\u016f\u010di povodn\u00edm. Negativn\u011b se projevuj\u00ed i \u010dast\u00e9 person\u00e1ln\u00ed zm\u011bny v\u00a0povod\u0148ov\u00fdch komis\u00edch a krizov\u00fdch \u0161t\u00e1bech na v\u0161ech \u00farovn\u00edch, kter\u00e9 naru\u0161uj\u00ed kontinuitu i mo\u017enost vyu\u017eit\u00ed zku\u0161enost\u00ed z\u00a0minul\u00fdch povodn\u00ed.<\/p>\n<p>4) Nezastupitelnou \u00falohu p\u0159i protipovod\u0148ov\u00e9 ochran\u011b a zejm\u00e9na z\u00e1chrann\u00fdch prac\u00edch hraje Hasi\u010dsk\u00fd z\u00e1chrann\u00fd sbor \u010cR (HZS \u010cR) i dobrovoln\u00ed hasi\u010di. I zde bude t\u0159eba p\u0159ehodnotit financov\u00e1n\u00ed a kapacity jak HZS \u010cR, tak i dobrovoln\u00fdch hasi\u010d\u016f, kter\u00e9 byly podobn\u011b jako \u010cHM\u00da, posti\u017eeny rozpo\u010dtov\u00fdmi \u0161krty v\u00a0minul\u00fdch letech.<\/p>\n<p>5) Prevence povodn\u00ed nepat\u0159\u00ed mezi priority sou\u010dasn\u00e9 vl\u00e1dy jako celku, p\u0159esto\u017ee zaji\u0161t\u011bn\u00ed bezpe\u010dnosti a majetku ob\u010dan\u016f pat\u0159\u00ed mezi hlavn\u00ed \u00fakoly ka\u017ed\u00e9ho st\u00e1tu. D\u00edl\u010d\u00ed resortn\u00ed programy ministerstva zem\u011bd\u011blstv\u00ed pro zlep\u0161en\u00ed protipovod\u0148ov\u00e9 ochrany i\u00a0n\u011bkter\u00e1 opat\u0159en\u00ed resortu \u017eivotn\u00edho prost\u0159ed\u00ed jsou sice kroky spr\u00e1vn\u00fdm sm\u011brem, ale nejsou pro efektivn\u00ed zvy\u0161ov\u00e1n\u00ed odolnosti v\u016f\u010di povodn\u00edm dostate\u010dn\u00e9. V\u00a0\u010cR m\u00e1 prevence n\u00edzkou prioritu, chyb\u00ed jej\u00ed nadresortn\u00ed \u0159\u00edzen\u00ed a vz\u00e1jemn\u00e1 koordinovanost mezi resorty. Souvis\u00ed to i s\u00a0t\u00edm, \u017ee se v\u00a0\u010cR zat\u00edm neprosadil aktivn\u00ed p\u0159\u00edstup k\u00a0pln\u011bn\u00ed R\u00e1mcov\u00e9ho pl\u00e1nu akc\u00ed Hyogo na l\u00e9ta 2005 \u2013 2015 \u201eBudov\u00e1n\u00ed odolnosti n\u00e1rod\u016f a komunit v\u016f\u010di katastrof\u00e1m\u201c pod patronac\u00ed OSN.<\/p>\n<p>6) Povode\u0148 v\u00a0\u010dervnu 2013 uk\u00e1zala, \u017ee vyu\u017eit\u00ed mobiln\u00edch z\u00e1bran v\u00a0\u0159ad\u011b p\u0159\u00edpad\u016f pomohlo sn\u00ed\u017eit povod\u0148ov\u00e9 \u0161kody. Probl\u00e9my v\u0161ak n\u011bkdy byly s\u00a0pozdn\u00ed v\u00fdstavbou t\u011bchto z\u00e1bran i n\u011bkdy nevhodn\u011b zvolenou p\u0159\u00edli\u0161 dlouhou dobou jejich v\u00fdstavby. Je t\u0159eba sladit tuto v\u00fdstavbu s\u00a0p\u0159edstihem p\u0159edpov\u011bd\u00ed a n\u011bkde pou\u017e\u00edt i v\u011bt\u0161\u00ed kapacity pro jejich v\u00fdstavbu. Z\u00a0toho vypl\u00fdv\u00e1 i nezbytn\u00e1 kontrola p\u0159ipravenosti t\u011bchto z\u00e1bran a cvi\u010den\u00ed v\u00a0jejich v\u00fdstavb\u011b.<\/p>\n<p>7) Ze zpr\u00e1vy projektu \u201eVyhodnocen\u00ed povodn\u011b 2013\u201c vyplynulo, \u017ee povode\u0148 v\u00a0\u010dervnu 2013 byla oproti velk\u00e9 povodni v\u00a0roce 2002 rychlej\u0161\u00ed, co\u017e bylo zp\u016fsobeno p\u0159\u00edvalov\u00fdmi sr\u00e1\u017ekami a rychl\u00fdm rozvodn\u011bn\u00edm mal\u00fdch tok\u016f. Proto bude t\u0159eba v\u011bnovat zv\u00fd\u0161enou pozornost p\u0159\u00edvalov\u00fdm povodn\u00edm, kter\u00e9 pro svou rychlost a lok\u00e1ln\u00ed charakter vy\u017eaduj\u00ed pon\u011bkud jin\u00fd p\u0159\u00edstup ne\u017e povodn\u011b velkoprostorov\u00e9.<\/p>\n<p>8) Starostov\u00e9 z\u00fa\u010dastn\u011bn\u00ed na Semin\u00e1\u0159i uk\u00e1zali n\u011bkter\u00e9 probl\u00e9my zejm\u00e9na administrativn\u00edho charakteru, kter\u00e9 br\u00e1n\u00ed realizaci opat\u0159en\u00ed pro zvy\u0161ov\u00e1n\u00ed odolnosti a p\u0159ipravenosti v\u00a0obc\u00edch potenci\u00e1ln\u011b ohro\u017een\u00fdch povodn\u011bmi. Rovn\u011b\u017e pouk\u00e1zali na n\u011bkter\u00e9 nedostatky v\u00a0\u0161\u00ed\u0159en\u00ed a srozumitelnosti v\u00fdstra\u017en\u00fdch zpr\u00e1v i na nutnost v\u011bt\u0161\u00ed podpory projekt\u016f na zvy\u0161ov\u00e1n\u00ed odolnosti v\u016f\u010di povodn\u00edm v obc\u00edch.<\/p>\n<p>9) T\u00e9m\u011b\u0159 polovina ztr\u00e1t na \u017eivotech p\u0159i \u010dervnov\u00e9 povodn\u00ed 2013 souvisela s\u00a0nek\u00e1zn\u00ed a nedostate\u010dnou informovanost\u00ed lid\u00ed (zejm\u00e9na vod\u00e1k\u016f). Ekonomick\u00e9 ztr\u00e1ty, p\u0159edev\u0161\u00edm na stavb\u00e1ch, souvisej\u00ed s\u00a0v\u00fdstavbou dom\u016f v\u00a0z\u00e1plavov\u00fdch \u00fazem\u00edch, co\u017e by m\u011blo b\u00fdt zak\u00e1z\u00e1no. Druh\u00fdm d\u016fvodem je mal\u00e1 odolnost staveb v\u016f\u010di povodn\u00edm. Zat\u00edm se u n\u00e1s neprosazuje ch\u00e1p\u00e1n\u00ed budov\u00e1n\u00ed odoln\u00fdch staveb (v rekonstruk\u010dn\u00ed f\u00e1zi povod\u0148ov\u00e9ho cyklu), kter\u00e9 by m\u011blo b\u00fdt ch\u00e1p\u00e1no jako investice do budoucna, nikoliv pouze jako postaven\u00ed domu stejn\u011b m\u00e1lo odoln\u00e9ho a obvykle i na stejn\u00e9m m\u00edst\u011b jako p\u0159ed povodn\u00ed. Urychlen\u011b by m\u011bly b\u00fdt upraveny stavebn\u00ed z\u00e1kony a p\u0159edpisy. Rovn\u011b\u017e chyb\u00ed program poji\u0161\u0165oven, kter\u00fd by budov\u00e1n\u00ed odoln\u011bj\u0161\u00edch staveb podpo\u0159il.<\/p>\n<p>10) \u00da\u010dastn\u00edci semin\u00e1\u0159e pova\u017euj\u00ed semin\u00e1\u0159 o povodn\u00edch za velmi p\u0159\u00ednosn\u00fd a projevili z\u00e1jem o pokra\u010dov\u00e1n\u00ed cel\u00e9 s\u00e9rie semin\u00e1\u0159\u016f, kter\u00e9 se zab\u00fdvaj\u00ed i jin\u00fdmi druhy katastrof ne\u017e povodn\u011bmi (suchem, technologick\u00fdmi katastrofami), riziky, legislativou, vzd\u011bl\u00e1v\u00e1n\u00edm a dal\u0161\u00edmi probl\u00e9my spojen\u00fdmi s\u00a0prevenc\u00ed.<\/p>\n<p><strong><span style=\"text-decoration: underline;\">2013:<\/span><\/strong><\/p>\n<p>&nbsp;<\/p>\n<p><b>Zamy\u0161len\u00ed nad \u010dervnovou povodn\u00ed 2013<\/b><\/p>\n<p>Letos uplynulo 11 let od katastrofick\u00e9 povodn\u011b v\u00a0roce 2002, kter\u00e1 zas\u00e1hla p\u0159edev\u0161\u00edm \u010cechy a 16 let od povodn\u011b v\u00a0roce 1997, kter\u00e1 zas\u00e1hla p\u0159ev\u00e1\u017en\u011b Moravu. P\u0159\u00edroda n\u00e1s v\u0161ak ne\u0161et\u0159ila a prod\u011blali jsme ji\u017e t\u0159et\u00ed velkou povode\u0148 v\u00a0leto\u0161n\u00edm \u010dervnu. Byla sice o n\u011bco men\u0161\u00ed ne\u017e ona \u201evelk\u00e1 povode\u0148\u201c v\u00a0roce 2002, ale p\u0159esto n\u00e1m p\u0159inesla hodn\u011b starost\u00ed a dokonale prov\u011b\u0159ila na\u0161i p\u0159ipravenost na katastrofy podobn\u00e9ho druhu. Ze srovn\u00e1n\u00ed povodn\u00ed 1997, 2002 a 2013 vypl\u00fdvaj\u00ed n\u011bkter\u00e9 poznatky. Syst\u00e9m protipovod\u0148ov\u00e9 ochrany by v\u00a0posledn\u00edch 15 letech prov\u011b\u0159en i \u0159adou dal\u0161\u00edch men\u0161\u00edch povodn\u00ed. Ohl\u00e9dneme-li se za \u010dervnovou povodn\u00ed 2013, lze \u0159\u00edci, \u017ee v\u00a0roce 2013 \u010delila zasa\u017een\u00e1 \u010d\u00e1st \u010cech povodni celkem \u00fasp\u011b\u0161n\u011b a pom\u011brn\u011b dob\u0159e fungoval i IZS.<\/p>\n<p>P\u0159esto se p\u0159i t\u00e9to povodni vyskytlo i n\u011bkolik probl\u00e9m\u016f, z\u00a0nich\u017e n\u011bkter\u00e9 se vyskytly i za minul\u00e9 velk\u00e9 povodn\u011b 2002 a n\u011bkter\u00e9 byly nov\u00e9. Nelze nad nimi zav\u00edrat o\u010di. V\u00a0\u0159ad\u011b zasa\u017een\u00fdch obc\u00ed se poznalo, kde byla doba od posledn\u00ed velk\u00e9 povodn\u011b 2002 efektivn\u011b vyu\u017eita k\u00a0budov\u00e1n\u00ed lep\u0161\u00ed odolnosti a p\u0159ipravenosti a naopak, kde se to ne zcela poda\u0159ilo. Proto se budeme d\u00e1le zab\u00fdvat n\u011bkter\u00fdmi z\u00a0probl\u00e9m\u016f, abychom na n\u011b upozornili a z\u00e1rove\u0148 abychom usnadnili cestu k\u00a0jejich n\u00e1prav\u011b. Je to nutn\u00e9 proto, \u017ee povodn\u011b jsou sou\u010d\u00e1st\u00ed na\u0161eho \u017eivota, nelze se jim zcela vyhnout, a je t\u0159eba se nau\u010dit s nimi \u201e\u017e\u00edt\u201c, l\u00e9pe \u0159e\u010deno sn\u00ed\u017eit n\u00e1sledky budouc\u00edch povodn\u00ed na minimum. P\u0159ipome\u0148me si n\u011bkter\u00e9 v\u00fdznamn\u011bj\u0161\u00ed probl\u00e9my z leto\u0161n\u00ed \u010dervnov\u00e9 povodn\u011b.<\/p>\n<ul>\n<li>Ve\u0159ejnost \u010dasto upozor\u0148ovala na <b>v\u010dasnost a p\u0159esnost p\u0159edpov\u011bd\u00ed sr\u00e1\u017eek a povod\u0148ov\u00fdch stav\u016f. <\/b>Je to probl\u00e9m nejen u n\u00e1s zp\u016fsoben\u00fd obt\u00ed\u017enost\u00ed p\u0159edpov\u00edd\u00e1n\u00ed velikost\u00ed i lokalizac\u00ed sr\u00e1\u017eek p\u0159i takto extr\u00e9mn\u00edch situac\u00edch. Tyto p\u0159edpov\u011bdi se odv\u00edjej\u00ed od ur\u010dit\u00e9 nejistoty p\u0159edpov\u011bd\u00ed sr\u00e1\u017eek z\u00a0numerick\u00fdch model\u016f po\u010das\u00ed a n\u00e1sledn\u011b p\u0159edpov\u011bd\u00ed povod\u0148ov\u00fdch stav\u016f na toc\u00edch. Pr\u00e1v\u011b pro extr\u00e9mn\u00ed situace jako v\u00a0\u010dervnu 2013 tyto modely poskytuj\u00ed m\u00e9n\u011b p\u0159esn\u00e1 data. P\u0159esto lze \u0159\u00edci, \u017ee \u010cesk\u00fd hydrometeorologick\u00fd \u00fastav (\u010cHM\u00da), kter\u00fd poskytuje p\u0159edpov\u011bdi a v\u00fdstrahy p\u0159i povodn\u00edch, d\u00e1val tyto p\u0159edpov\u011bdi na \u00farovni sou\u010dasn\u00e9 v\u011bdy. P\u0159edpov\u011bdi a v\u00fdstrahy jsou d\u00e1le \u0161\u00ed\u0159eny v\u00a0syst\u00e9mu krizov\u00e9ho \u0159\u00edzen\u00ed \u010cR prost\u0159ednictv\u00edm Hasi\u010dsk\u00e9ho z\u00e1chrann\u00e9ho sboru \u010cR na kraje, obce a v\u00a0kone\u010dn\u00e9 f\u00e1zi se dost\u00e1vaj\u00ed k\u00a0jednotliv\u00fdm ob\u010dan\u016fm. O\u010dek\u00e1v\u00e1me, \u017ee nov\u00e9 poznatky o fungov\u00e1n\u00ed varovn\u00e9 slu\u017eby poskytnou v\u00fdsledky projektu \u201eVyhodnocen\u00ed povodn\u011b 2013\u201c, na jejich\u017e z\u00e1klad\u011b bude t\u0159eba zv\u00fd\u0161it \u00fasil\u00ed pro dal\u0161\u00ed v\u00fdvoj numerick\u00fdch model\u016f a p\u0159edpov\u011bdn\u00ed slu\u017eby.<\/li>\n<li>V\u00a0\u010dervnu 2013 zp\u016fsobovaly velk\u00e9 probl\u00e9my <b>mal\u00e9 \u0159\u00ed\u010dn\u00ed toky a potoky<\/b>, kter\u00e9 nejsou b\u011b\u017en\u011b do hydrologick\u00e9ho modelov\u00e1n\u00ed zahrnuty. Siln\u00e9 p\u0159\u00edvalov\u00e9 de\u0161t\u011b b\u011bhem \u010dervnov\u00e9 povod\u0148ov\u00e9 episody zvedly enormn\u011b pr\u016ftoky v\u00a0t\u011bchto mal\u00fdch toc\u00edch (v Praze nap\u0159. Boti\u010d a Rokytka), a jejich p\u0159\u00edsp\u011bvek k\u00a0celkov\u00e9 \u00farovni z\u00e1plav i zv\u00fd\u0161en\u00ed rychlosti povodn\u011b nebyl zcela v\u00a0p\u0159edpov\u011bd\u00edch podchycen. Proto bude urychlen\u011b t\u0159eba zahrnout m\u011b\u0159en\u00ed sr\u00e1\u017eek a n\u011bkde i pr\u016ftok\u016f do syst\u00e9mu p\u0159edpov\u011bd\u00ed a v\u00fdstrah. P\u0159edpov\u011bdi by m\u011bly b\u00fdt vzhledem k\u00a0lok\u00e1ln\u011bj\u0161\u00edmu a velmi rychl\u00e9mu charakteru povodn\u00ed v\u00a0okol\u00ed mal\u00fdch tok\u016f vych\u00e1zet p\u0159\u00edmo z\u00a0p\u0159edpov\u011bd\u00ed a m\u011b\u0159en\u00ed sr\u00e1\u017eek. \u010cHM\u00da by m\u011bl pro tento typ rychl\u00fdch povod\u0148ov\u00fdch situac\u00ed nasadit syst\u00e9m Flash Flood Guidance (FFG), kter\u00fd p\u0159edpov\u00edd\u00e1, jak velik\u00e9 sr\u00e1\u017eky mohou zp\u016fsobit povode\u0148 v\u00a0dan\u00e9m m\u00edst\u011b.<\/li>\n<li>Nov\u00fdm fenom\u00e9nem \u010dervnov\u00e9 povodn\u011b byla intenz\u00edvn\u00ed <b>v\u00fdstavba protipovod\u0148ov\u00fdch mobiln\u00edch st\u011bn<\/b> v\u00a0Praze (kde mobiln\u00ed st\u011bny p\u0159es\u00e1hly d\u00e9lku 18 km) i jinde. Av\u0161ak zat\u00edmco poprv\u00e9 byly tyto st\u011bny v\u00a0Praze v\u00a0roce 2002 v\u00a0men\u0161\u00ed d\u00e9lce postaveny za ca 12 hodin, v\u00a0roce 2013 byl \u010dasov\u00fd limit pro jejich postaven\u00ed v\u00a0mnohem del\u0161\u00ed &#8211; a\u017e 60 hodin. Vzhledem k\u00a0tomu, \u017ee zat\u00edm nelze o\u010dek\u00e1vat p\u0159esn\u011bj\u0161\u00ed p\u0159edpov\u011bdi a v\u00fdstrahy na dobu del\u0161\u00ed ne\u017e 24-36 hodin, bude t\u0159eba zkr\u00e1tit \u010dasov\u00fd limit pro v\u00fdstavbu mobiln\u00edch hr\u00e1z\u00ed zkr\u00e1tit pravd\u011bpodobn\u011b nasazen\u00edm v\u011bt\u0161\u00edho po\u010dtu lid\u00ed (krom\u011b hasi\u010d\u016f i arm\u00e1du).<\/li>\n<li>P\u0159edm\u011btem diskus\u00ed byla i <b>role Vltavsk\u00e9 kask\u00e1dy<\/b> p\u0159ed a b\u011bhem \u010dervnov\u00e9 povodn\u011b. Objevily se st\u00ed\u017enosti na pozdn\u00ed a pomal\u00e9 odpou\u0161t\u011bn\u00ed vody z\u00a0p\u0159ehrad i na odvol\u00e1v\u00e1n\u00ed Povod\u00ed Vltavy, s.p. na <b>manipula\u010dn\u00ed \u0159\u00e1d<\/b>. Povod\u00ed pot\u0159ebuje pro \u0159\u00edzen\u00ed kask\u00e1dy p\u0159edpov\u011bdi pr\u016ftok\u016f na del\u0161\u00ed dobu alespo\u0148 5-6 dn\u00ed. Zde bude t\u0159eba podpo\u0159it spolupr\u00e1ci \u010cHM\u00da a Povod\u00ed Vltavy na v\u00fdvoji efektivn\u00edho syst\u00e9mu pro \u0159\u00edzen\u00ed kask\u00e1dy s\u00a0vyu\u017eit\u00edm dlouhodob\u011bj\u0161\u00edch p\u0159edpov\u011bdn\u00edch model\u016f po\u010das\u00ed, p\u0159esto\u017ee jsou zat\u00ed\u017eeny v\u011bt\u0161\u00ed chybou. Manipula\u010dn\u00ed \u0159\u00e1d pro kask\u00e1du by m\u011bl b\u00fdt upraven tak, aby funkce kask\u00e1dy pro minimalizaci povod\u0148ov\u00fdch stav\u016f dostala nejvy\u0161\u0161\u00ed prioritu.<\/li>\n<li>V\u00a0n\u011bkter\u00fdch p\u0159\u00edpadech se v\u00fdstrahy nedostaly v\u010das k\u00a0u\u017eivatel\u016fm \u2013 obc\u00edm a ob\u010dan\u016fm. Proto je t\u0159eba v\u011bnovat pozornost a \u010dast\u011bji prov\u011b\u0159ovat <b>komunikaci v\u00fdstrah v\u00a0cel\u00e9m syst\u00e9mu krizov\u00e9ho \u0159\u00edzen\u00ed<\/b> a pochopiteln\u011b prov\u00e1d\u011bt cvi\u010den\u00ed a vzd\u011bl\u00e1v\u00e1n\u00ed ob\u010dan\u016f. Povode\u0148 odhalila i n\u00edzkou <b>p\u0159ipravenost ob\u010dan\u016f a firem <\/b>v\u00a0n\u011bkter\u00fdch lokalit\u00e1ch.<\/li>\n<li>Velk\u00e9 \u0161kody ze z\u00e1plav byly v\u00a0n\u011bkter\u00fdch m\u00edstech zp\u016fsobeny <b>malou odolnost\u00ed staveb<\/b> a v\u016fbec stavbami v z\u00e1plavov\u00fdch \u00fazem\u00edch, zpo\u017ed\u011bn\u00fdm budov\u00e1n\u00edm hr\u00e1z\u00ed, nedostatky v\u00a0kanaliza\u010dn\u00edch syst\u00e9mech. Velk\u00fdm probl\u00e9mem byly <b>velkoplo\u0161n\u00e9 v\u00fdpadky proudu<\/b> (zatopen\u00e9 transform\u00e1tory atd.), sesuvy p\u016fdy, nedostate\u010dn\u00e1 opat\u0159en\u00ed v\u00a0krajin\u011b a p\u0159\u00edli\u0161n\u00e9 spol\u00e9h\u00e1n\u00ed ob\u010dan\u016f na st\u00e1t. Rovn\u011b\u017e podpora p\u0159ipravenosti na povodn\u011b ze strany poji\u0161\u0165oven je dosud pom\u011brn\u011b mal\u00e1.<\/li>\n<li>Probl\u00e9my jsou i v\u00a0<b>legislativ\u011b<\/b> \u2013 nap\u0159. krizov\u00e9 z\u00e1kony i vodn\u00ed z\u00e1kon by si u\u017e zaslou\u017eily novelu. Nap\u0159. vymezen\u00ed pravomoc\u00ed a odpov\u011bdnosti \u010cHM\u00da a spr\u00e1vc\u016f tok\u016f ve vodn\u00edm z\u00e1kon\u011b nen\u00ed zcela jednozna\u010dn\u00e9 a jasn\u00e9.<b> <\/b>Probl\u00e9m je i v tom, \u017ee m\u00e1me pro oblast vody dva \u00fast\u0159edn\u00ed \u00fa\u0159ady \u2013 ministerstvo \u017eivotn\u00edho prost\u0159ed\u00ed a ministerstvo zem\u011bd\u011blstv\u00ed. V\u011bt\u0161\u00ed pozornost by m\u011bla b\u00fdt v\u00a0legislativ\u011b v\u011bnov\u00e1na i kompetenc\u00edm a odpov\u011bdnosti instituc\u00ed je\u0161t\u011b p\u0159ed vypuknut\u00edm krizov\u00e9 situace.<\/li>\n<li>L\u00e9pe by m\u011bla b\u00fdt v\u00a0legislativ\u011b pokryta i odolnost staveb, infrastruktury a \u00fazem\u00ed, jejich\u017e obnova by podle HFA m\u011bla b\u00fdt d\u011bl\u00e1na s\u00a0v\u00fdhledem na sn\u00ed\u017een\u00ed n\u00e1sledk\u016f budouc\u00edch katastrof jako <b>investice do budoucna<\/b> <b>nikoliv jak pouh\u00e1 n\u00e1hrada \u0161kod!<\/b><\/li>\n<li>N\u00e1r\u016fst nep\u0159\u00edzniv\u00fdch dopad\u016f p\u0159\u00edrodn\u00edch katastrof v\u00a0posledn\u00edch letech v\u00a0cel\u00e9m sv\u011bt\u011b je \u010dasto d\u00e1v\u00e1n do souvislosti s\u00a0<b>dopady klimatick\u00e9 zm\u011bny<\/b>. Mnoz\u00ed odborn\u00edci p\u0159edpokl\u00e1daj\u00ed, \u017ee se bude zv\u011bt\u0161ovat rozsah p\u0159\u00edrodn\u00edch katastrof, na n\u00e1r\u016fst jejich po\u010dtu nen\u00ed zat\u00edm tak jednotn\u00fd n\u00e1zor. Zpr\u00e1vy o katastrof\u00e1ch ve sv\u011bt\u011b z\u00a0posledn\u00ed doby mo\u017en\u00fd n\u00e1r\u016fst katastrof potvrzuj\u00ed, a proto je t\u0159eba tento sm\u011br sledovat.<\/li>\n<\/ul>\n<p>Co v\u0161ak pova\u017euji za nejd\u016fle\u017eit\u011bj\u0161\u00ed,<b> <\/b>je absence<b> komplexn\u00ed a koordinovan\u00e9 \u0159\u00edzen\u00ed protipovod\u0148ov\u00e9 (krizov\u00e9) ochrany ve st\u00e1t\u011b v obdob\u00ed \u201eklidu mezi povodn\u011bmi\u201c! <\/b>M\u00e1me pom\u011brn\u011b dobr\u00fd syst\u00e9m, kter\u00fd pracuje za povodn\u011b (\u010di jin\u00e9 krizov\u00e9 situace), kter\u00fd je \u0159\u00edzen povod\u0148ov\u00fdmi komisemi p\u0159\u00edpadn\u011b krizov\u00fdmi \u0161t\u00e1by na v\u0161ech \u00farovn\u00edch. Celost\u00e1tn\u011b pak takto funguje \u00dast\u0159edn\u00ed povod\u0148ov\u00e1 komise a \u00dast\u0159edn\u00ed krizov\u00fd \u0161t\u00e1b, kter\u00e9 cel\u00fd syst\u00e9m \u0159\u00edd\u00ed i p\u0159es r\u016fzn\u00e9 resorty (ministerstva). Av\u0161ak kr\u00e1tkodob\u00e9 a zejm\u00e9na dlouhodob\u00e9 zvy\u0161ov\u00e1n\u00ed odolnosti a p\u0159ipravenosti na povodn\u011b nen\u00ed meziresortn\u011b \u0159\u00edzeno ani koordinov\u00e1no \u010di dostate\u010dn\u011b financov\u00e1no. Chyb\u00ed centr\u00e1ln\u00ed \u0159\u00edzen\u00ed a koordinace na \u00farovni vl\u00e1dy. Nav\u00edc v\u00a0posledn\u00edch letech i v d\u016fsledku ekonomick\u00fdch probl\u00e9m\u016f podpora p\u0159ipravenosti na budouc\u00ed pohromy u n\u00e1s sl\u00e1bne. Pln\u011bn\u00ed \u0159ady pl\u00e1n\u016f protipovod\u0148ov\u00fdch opat\u0159en\u00ed nen\u00ed \u010dasto realizov\u00e1no nebo je jejich pln\u011bn\u00ed odsouv\u00e1no.<\/p>\n<p><b>Zaji\u0161t\u011bn\u00ed bezpe\u010dnosti ob\u010dan\u016f a jejich majetku<\/b> pat\u0159\u00ed k\u00a0prvo\u0159ad\u00fdm povinnostem ka\u017ed\u00e9ho st\u00e1tu. Nedostatek jednotn\u00e9 koordinace a \u0159\u00edzen\u00ed aktivit v\u00a0r\u016fzn\u00fdch resortech, kraj\u00edch a obc\u00edch pak brzd\u00ed budov\u00e1n\u00ed efektivn\u011bj\u0161\u00ed ochrany na\u0161ich ob\u010dan\u016f p\u0159ed pohromami. Mal\u00e1 pozornost je v\u011bnov\u00e1na <b>zmapov\u00e1n\u00ed rizik a to jak p\u0159\u00edrodn\u00edch, tak technologick\u00fdch pohrom, i p\u0159\u00edslu\u0161n\u00e9mu v\u00fdzkumu<\/b> v\u00a0t\u00e9to oblasti. Je \u0161koda, \u017ee t\u00e9ma soustavn\u00e9ho zlep\u0161ov\u00e1n\u00ed povod\u0148ov\u00e9 ochrany prakticky nebylo ve volebn\u00edch programech politick\u00fdch stran, nebo\u0165 ob\u010dan\u00e9-voli\u010di by o n\u011bj jist\u011b m\u011bli z\u00e1jem.<\/p>\n<p>Vl\u00e1da by se m\u011bla ofici\u00e1ln\u011b p\u0159ihl\u00e1sit k\u00a0dokumentu ze Sv\u011btov\u00e9 konference OSN o sni\u017eov\u00e1n\u00ed katastrof z\u00a0roku 2005 s\u00a0n\u00e1zvem \u201e<b>Budov\u00e1n\u00ed odolnosti n\u00e1rod\u016f a komunit v\u016f\u010di katastrof\u00e1m: Hyogo R\u00e1mcov\u00fd pl\u00e1n akc\u00ed na l\u00e9ta 2005 \u2013 2015\u201c (zkracovan\u00fd HFA).<\/b> K\u00a0priorit\u00e1m popsan\u00fdm v\u00a0dokumentu pat\u0159\u00ed i po\u017eadavek, aby vl\u00e1dy d\u00e1valy vysokou prioritu sni\u017eov\u00e1n\u00ed katastrof, zlep\u0161ov\u00e1n\u00ed syst\u00e9mu v\u010dasn\u00e9ho varov\u00e1n\u00ed i informovanosti ob\u010dan\u016f o rizic\u00edch a zejm\u00e9na zvy\u0161ov\u00e1n\u00ed odolnosti v\u016f\u010di budouc\u00edm katastrof\u00e1m. K\u00a0na\u0161\u00ed \u0161kod\u011b se vl\u00e1da pln\u011bn\u00edm z\u00e1v\u011br\u016f z\u00a0tohoto dokumentu d\u00e1le nezab\u00fdvala, p\u0159esto\u017ee jej na konferenci v\u00a0roce 2005 ofici\u00e1ln\u011b podepsal tehdej\u0161\u00ed ministr \u017eivotn\u00edho prost\u0159ed\u00ed Ambrozek. Pln\u011bn\u00ed tohoto r\u00e1mcov\u00e9ho pl\u00e1nu by n\u00e1m pr\u00e1v\u011b pomohlo ke zvy\u0161ov\u00e1n\u00ed odolnosti a p\u0159ipravenosti v\u00a0dob\u011b \u201emezi katastrofami\u201c. P\u0159i zvy\u0161ov\u00e1n\u00ed odolnosti v\u016f\u010di katastrof\u00e1m bychom nem\u011bli vynechat ani relativn\u011b pomalou pohromu, jakou je <b>sucho<\/b>. Na rozd\u00edl od povodn\u00ed obvykle nezp\u016fsobuje ztr\u00e1ty na \u017eivotech, ale ekonomick\u00e9 ztr\u00e1ty jsou obrovsk\u00e9 a bl\u00ed\u017e\u00ed se ztr\u00e1t\u00e1m z\u00a0povodn\u00ed. Velk\u00fdm probl\u00e9mem nejen u n\u00e1s, je zvy\u0161ov\u00e1n\u00ed p\u0159ipravenosti a \u0161kolen\u00ed obyvatelstva. Je t\u0159eba zav\u00e9st systematick\u00e9 vzd\u011bl\u00e1v\u00e1n\u00ed d\u011bt\u00ed na \u0161kol\u00e1ch v\u0161ech stup\u0148\u016f a tak\u00e9 l\u00e9pe vy\u0161kolit dosp\u011bl\u00e9 ob\u010dany zejm\u00e9na v\u00a0obc\u00edch s\u00a0v\u011bt\u0161\u00edm rizikem. V\u00edce by mohly pom\u00e1hat i r\u016fzn\u00e9 lok\u00e1ln\u00ed nevl\u00e1dn\u00ed organizace.<\/p>\n<p>Z\u00e1v\u011brem bych cht\u011bl zd\u016fraznit, \u017ee zaji\u0161t\u011bn\u00ed bezpe\u010dnosti ob\u010dan\u016f by m\u011blo m\u00edt nejvy\u0161\u0161\u00ed prioritu a kritick\u00e9 struktury, mezi n\u011b\u017e pat\u0159\u00ed Hasi\u010dsk\u00fd z\u00e1chrann\u00fd sbor \u010cR a \u0159ada dal\u0161\u00edch instituc\u00ed v\u010detn\u011b \u010cHM\u00da, by m\u011bly m\u00edt dlouhodob\u011b zaji\u0161t\u011bn\u00e9 dostate\u010dn\u00e9 a stabiln\u00ed financov\u00e1n\u00ed. Rozpo\u010dtov\u00e9 \u0161krty by je m\u011bly postihovat v\u00a0co nejmen\u0161\u00edm rozsahu, aby neztr\u00e1cely svou akceschopnost. Ke zlep\u0161ov\u00e1n\u00ed p\u0159ipravenosti na povod\u0148ov\u00e9 situace by m\u011bli v\u00edce pom\u00e1hat i odborn\u00edci, a proto by mohla b\u00fdt n\u00e1pomocna i \u010cSVTS. Na\u0161i ob\u010dan\u00e9 \u2013 da\u0148ov\u00ed poplatn\u00edci si kvalitn\u00ed ochranu p\u0159ed dopady povodn\u00ed a jin\u00fdch katastrof jist\u011b zaslou\u017e\u00ed.<\/p>\n<p>&nbsp;<\/p>\n<p>Ivan Obrusn\u00edk<\/p>\n<p>\u010dlen \u010cesk\u00e9ho spolku pro p\u00e9\u010di o \u017eivotn\u00ed prost\u0159ed\u00ed<\/p>\n<p>p\u0159edseda \u010cesk\u00e9ho n\u00e1rodn\u00edho v\u00fdboru pro omezov\u00e1n\u00ed n\u00e1sledk\u016f katastrof<\/p>\n<p>&nbsp;<\/p>\n<p><span style=\"text-decoration: underline;\"><strong>2012:<\/strong><\/span><\/p>\n<p>\u010cesk\u00fd spolek pro p\u00e9\u010di o \u017eivotn\u00ed prost\u0159ed\u00ed<\/p>\n<p><a href=\"http:\/\/www.csvts.cz\/cspzp\">www.csvts.cz\/cspzp<\/a><\/p>\n<p align=\"CENTER\"><strong>Mezin\u00e1rodn\u00ed aktivity \u010cSP\u017dP v\u00a0roce 2012<\/strong><\/p>\n<p>\u010cesk\u00fd spolek pro p\u00e9\u010di o \u017eivotn\u00ed prost\u0159ed\u00ed (\u010cSP\u017dP) je aktivn\u00edm \u010dlenem Evropsk\u00e9 federace spole\u010dnost\u00ed, sdru\u017euj\u00edc\u00edch odborn\u00edky v oblasti ochrany \u017eivotn\u00edho prost\u0159ed\u00ed &#8211; ENEP (European Network of Environmental Professionals) se s\u00eddlem v\u00a0Bruselu. ENEP sdru\u017euje na 40.000 odborn\u00edk\u016f p\u016fsob\u00edc\u00edch ve 22 organizac\u00edch 10 evropsk\u00fdch zem\u00ed. Z\u00e1stupce \u010cSP\u017dP se pravideln\u011b z\u00fa\u010dast\u0148uje gener\u00e1ln\u00edch shrom\u00e1\u017ed\u011bn\u00ed p\u0159edstavitel\u016f \u010dlensk\u00fdch organizac\u00ed, konan\u00fdch dvakr\u00e1t ro\u010dn\u011b, \u010dlenov\u00e9 Spolku maj\u00ed mo\u017enost aktivn\u011b spolupracovat p\u0159i p\u0159\u00edprav\u011b koncep\u010dn\u00edch dokument\u016f ENEP, p\u0159edkl\u00e1dan\u00fdch mj. i Evropsk\u00e9 komisi. Prost\u0159ednictv\u00edm \u010dtvrtletn\u011b vyd\u00e1van\u00e9ho bulletinu ENEP m\u00e1 Spolek k dispozici aktu\u00e1ln\u00ed informace nap\u0159\u00edklad o chystan\u00fdch koncep\u010dn\u00edch dokumentech EU, o p\u0159ipravovan\u00e9 environment\u00e1ln\u00ed legislativ\u011b EU apod..<\/p>\n<p>&nbsp;<\/p>\n<p>V\u00fdznamnou aktivitou ENEP v leto\u0161n\u00edm roce je snaha o zaveden\u00ed syst\u00e9mu akreditace environment\u00e1ln\u00edch odborn\u00edk\u016f (EO), obdobn\u00e9ho v\u0161eobecn\u011b uzn\u00e1van\u00e9 akreditaci n\u011bkter\u00fdch profes\u00ed (zdravotn\u00ed sestry, l\u00e9ka\u0159i, pr\u00e1vn\u00edci). Jsou p\u0159ipravov\u00e1na krit\u00e9ria t\u00fdkaj\u00edc\u00ed se vzd\u011bl\u00e1n\u00ed a dal\u0161\u00edch po\u017eadavk\u016f na akreditovan\u00e9 EO, kter\u00e1 budou p\u0159edlo\u017eena \u010dlensk\u00fdm organizac\u00edm k\u00a0diskusi. Pro vlastn\u00ed akredita\u010dn\u00ed proces jsou diskutov\u00e1ny dva mo\u017en\u00e9 p\u0159\u00edstupy: prvn\u00edm je<\/p>\n<p>tzv. regulovan\u00e1 akreditace \u2013 ENEP zajist\u00ed administrativu a ve spolupr\u00e1ci s\u00a0\u010dlensk\u00fdmi organizacemi bude vyd\u00e1vat osv\u011bd\u010den\u00ed (akreditaci) t\u011bm EO, kte\u0159\u00ed o ni po\u017e\u00e1daj\u00ed. Druh\u00fd p\u0159\u00edstup je jednodu\u0161\u0161\u00ed. Podstata je v\u00a0p\u0159ijet\u00ed tzv. Kodexu chov\u00e1n\u00ed EO. ENEP by vedl evidenci t\u011bch EO, kte\u0159\u00ed kodex podepsali; osv\u011bd\u010den\u00ed o registraci by EO vyu\u017e\u00edvali p\u0159i sjedn\u00e1v\u00e1n\u00ed zam\u011bstn\u00e1n\u00ed.<\/p>\n<p>&nbsp;<\/p>\n<p>Dal\u0161\u00ed v\u00fdznamnou mezin\u00e1rodn\u00ed aktivitou \u010cSP\u017dP v\u00a0leto\u0161n\u00edm roce je podpora iniciativy OSN nazvan\u00e9 \u201eUdr\u017eiteln\u00e1 energie pro v\u0161echny\u201c (Sustainable Energy for All \u2013 SEFA). V\u00a0sou\u010dasnosti nem\u00e1 20% sv\u011btov\u00e9 populace &#8211; asi 1,3 miliard lid\u00ed &#8211; p\u0159\u00edstup ke kvalitn\u00edmu\u00a0z\u00e1soben\u00ed elekt\u0159inou. Organizace Spojen\u00fdch n\u00e1rod\u016f proto prohl\u00e1sila rok 2012 za \u201eMezin\u00e1rodn\u00ed rok udr\u017eiteln\u00e9 energie pro v\u0161echny\u201c s\u00a0c\u00edlem dos\u00e1hnout do r.2030 zaji\u0161t\u011bn\u00ed p\u0159\u00edstupu k\u00a0modern\u00edm energetick\u00fdm technologi\u00edm, zdvojn\u00e1soben\u00ed energetick\u00e9 \u00fa\u010dinnosti a zdvojn\u00e1soben\u00ed pod\u00edlu obnoviteln\u00fdch zdroj\u016f energie v\u00a0energetick\u00e9m mixu.<\/p>\n<p>&nbsp;<\/p>\n<p>K\u00a0iniciativ\u011b vyhl\u00e1\u0161en\u00e9 gener\u00e1ln\u00edm tajemn\u00edkem OSN Ban-Ki Moonem se p\u0159ipojily \u010dty\u0159i v\u00fdznamn\u011b mezin\u00e1rodn\u00ed in\u017een\u00fdrsk\u00e9 spole\u010dnosti se s\u00eddlem v\u00a0USA a UK &#8211; The Institute of Electrical and Electronics Engineers (IEEE), The Institution of Engineering and Technology (IET), Institution of Mechanical Engineers (IMECHE) a Institution of Civil Engineers (ICE). P\u0159edstavitel\u00e9 t\u011bchto spole\u010dnost\u00ed p\u0159ipravili v\u00fdzvu vl\u00e1d\u00e1m t\u00fdkaj\u00edc\u00ed se podpory \u00fasil\u00ed zajistit dostatek energie pro v\u0161echny obyvatele planety.<\/p>\n<p>&nbsp;<\/p>\n<p>Organiz\u00e1to\u0159i oslovili v\u011bdeckotechnick\u00e9 spole\u010dnosti z\u00a0cel\u00e9ho sv\u011bta (z \u010cR \u010cesk\u00fd svaz v\u011bdeckotechnick\u00fdch spole\u010dnost\u00ed) se \u017e\u00e1dost\u00ed o podporu v\u00fdzvy. \u010cSP\u017dP se na z\u00e1klad\u011b doporu\u010den\u00ed \u010cSVTS k\u00a0v\u00fdzv\u011b p\u0159ipojil dopisem z\u00a022.5.2012, proto\u017ee zejm\u00e9na zv\u00fd\u0161en\u00ed energetick\u00e9 \u00fa\u010dinnosti a vy\u0161\u0161\u00ed pod\u00edl obnoviteln\u00fdch zdroj\u016f energie pat\u0159\u00ed k\u00a0v\u00fdznamn\u00fdm environment\u00e1ln\u00edm priorit\u00e1m. K\u00a0v\u00fdzv\u011b, kter\u00e1 byla p\u0159edlo\u017eena na konferenci Rio+20, se zat\u00edm p\u0159ipojilo na 40 in\u017een\u00fdrsk\u00fdch spole\u010dnost\u00ed z\u00a0cel\u00e9ho sv\u011bta. Celkov\u00fd po\u010det \u010dlen\u016f t\u011bchto organizac\u00ed je v\u00edc ne\u017e 2 miliony odborn\u00edk\u016f. Bli\u017e\u0161\u00ed informace je mo\u017eno z\u00edskat na<a href=\"http:\/\/www.sustainableenergyforall.org\/\">http:\/\/www.sustainableenergyforall.org\/<\/a>.<\/p>\n<p><strong>2010<\/strong><\/p>\n<p align=\"CENTER\">\u010cl\u00e1nek pro Zpravodaj \u010cSVTS<\/p>\n<p>&nbsp;<\/p>\n<p>&nbsp;<\/p>\n<p align=\"CENTER\"><strong>NASTARTOV\u00c1N\u00cd SPOLUPR\u00c1CE NEZISKOV\u00ddCH ORGANIZAC\u00cd P\u016eSOB\u00cdC\u00cdCH V\u00a0OBORU OCHRANA \u017dIVOTN\u00cdHO PROST\u0158ED\u00cd &#8211;<\/strong><\/p>\n<p align=\"CENTER\"><strong>ASOCIACE EKOLOGICK\u00ddCH EXPERT\u016e A \u010cESK\u00dd SPOLEK PRO P\u00c9\u010cI O \u017dIVOTN\u00cd PROST\u0158ED\u00cd DEKLAROVALY SPOLUPR\u00c1CI<\/strong><\/p>\n<p>&nbsp;<\/p>\n<p align=\"JUSTIFY\">Dne 5.10.2009 do\u0161lo ke spole\u010dn\u00e9mu setk\u00e1n\u00ed z\u00e1stupc\u016f dvou neziskov\u00fdch organizac\u00ed. Na dom\u00e1c\u00ed p\u016fd\u011b \u010cesk\u00e9ho spolku pro p\u00e9\u010di o \u017eivotn\u00ed prost\u0159ed\u00ed se p\u0159edstavili z\u00e1stupci Asociace ekologick\u00fdch expert\u016f.<\/p>\n<p align=\"JUSTIFY\">C\u00edlem sch\u016fzky bylo vz\u00e1jemn\u00e9 pozn\u00e1n\u00ed z\u00e1stupc\u016f obou organizac\u00ed a p\u0159edstaven\u00ed n\u00e1pln\u011b \u010dinnost\u00ed s\u00a0c\u00edlem vyhled\u00e1n\u00ed sty\u010dn\u00fdch bod\u016f a mo\u017enosti spolupr\u00e1ce.<\/p>\n<p align=\"JUSTIFY\">P\u0159edm\u011btem z\u00e1jmu \u010cesk\u00e9ho spolku pro p\u00e9\u010di o \u017eivotn\u00ed prost\u0159ed\u00ed (\u010cSPZP) je p\u0159edev\u0161\u00edm vzd\u011bl\u00e1v\u00e1n\u00ed dosp\u011bl\u00fdch, kter\u00e9 spo\u010d\u00edv\u00e1 v dopl\u0148ov\u00e1n\u00ed a aktualizaci znalost\u00ed pracovn\u00edk\u016f ve\u0159ejn\u00e9 spr\u00e1vy, \u010desk\u00e9 odborn\u00e9 ve\u0159ejnosti a student\u016f (zejm\u00e9na vysoko\u0161kolsk\u00fdch) a tak\u00e9 poradenstv\u00ed a konzultace v oboru ochrana p\u0159\u00edrody a krajiny.<\/p>\n<p align=\"JUSTIFY\">\u010cinnostAsociaceEkologick\u00fdchExpert\u016f(AEE)jecharakterizov\u00e1nac\u00edlemsdru\u017eovatodborn\u00edkyspecializovan\u00fdchspole\u010dnost\u00edainstituc\u00edzoborusouvisej\u00edc\u00edsochranou\u017eivotn\u00edhoprost\u0159ed\u00edatak\u00e9h\u00e1jitz\u00e1jmypr\u016fmyslov\u00fdchekolog\u016f.S\u00a0posl\u00e1n\u00edmAEEsjednocovataobhajovatz\u00e1jmy\u010dlen\u016f,zvy\u0161ovatjejichprofesn\u00ed\u00farove\u0148souvis\u00ediprost\u0159edkyuskute\u010d\u0148ov\u00e1n\u00ed,kter\u00e9spo\u010d\u00edvaj\u00edvev\u00fdm\u011bn\u011bpoznatk\u016fazku\u0161enost\u00ednejenmezi\u010dlenyAEE,aleisodborn\u00edkymimo\u010dlenskouz\u00e1kladnu.D\u016fle\u017eit\u00fdmc\u00edlemaprogramemAEEjezpohledusetk\u00e1n\u00edtak\u00e9sdru\u017eov\u00e1n\u00edodborn\u00edk\u016ftohotozam\u011b\u0159en\u00edza\u00fa\u010delemv\u00fdm\u011bnyinformac\u00ed.<\/p>\n<p align=\"JUSTIFY\">Po spole\u010dn\u00e9 diskuzi, kdy se hledal prostor, kde by se mohla \u010dinnost AEE a \u010cSPZP prolnout a vz\u00e1jemn\u011b podpo\u0159it, se ob\u011b strany dohodly na principech spolupr\u00e1ce.<\/p>\n<p align=\"JUSTIFY\">V\u00a0dohodnut\u00fdch p\u0159\u00edpadech se AEE a \u010cSPZP budou spolupod\u00edlet na p\u0159\u00edprav\u011b a propagaci spole\u010dn\u00fdch akc\u00ed, semin\u00e1\u0159\u016f, konferenc\u00ed, p\u0159\u00edpadn\u011b odborn\u00edci asociace a spolku budou p\u0159edn\u00e1\u0161et na odborn\u00fdch akc\u00edch.<\/p>\n<p align=\"JUSTIFY\">Vy\u0161\u0161\u00ed publicita spojen\u00e1 s\u00a0nastartov\u00e1n\u00edm spolupr\u00e1ce, ale p\u0159edev\u0161\u00edm re\u00e1ln\u00e9m napln\u011bn\u00ed obsahu deklarovan\u00e9 spolupr\u00e1ce bude jist\u011b ku prosp\u011bchu zvy\u0161ov\u00e1n\u00ed pov\u011bdom\u00ed prioritn\u011b odborn\u00e9, ale i laick\u00e9 ve\u0159ejnosti, o komplexn\u00ed ochranu \u017eivotn\u00edho prost\u0159ed\u00ed.<\/p>\n<p align=\"JUSTIFY\">Vypracovali v \u0159\u00edjnu 2009 Ing. Stanislav Eminger, CSc a Ing.Libu\u0161e Deylov\u00e1<\/p>\n<p>&nbsp;<\/p>\n<p>2010<\/p>\n<p><strong>Ing. Jan Mikol\u00e1\u0161, CSc.<\/strong><\/p>\n<p>&nbsp;<\/p>\n<p align=\"CENTER\"><strong>Podpo\u0159\u00ed \u010cSP\u017dP v\u00fdrobn\u00ed sf\u00e9ru ?<\/strong><\/p>\n<p>\u010clenov\u00e9 \u010cesk\u00e9ho spolku pro p\u00e9\u010di o \u017eivotn\u00ed prost\u0159ed\u00ed (\u010cSP\u017dP) se v dubnu 2010 se\u0161li na valn\u00e9 hromad\u011b, ji\u017e sedm\u00e9 od vzniku \u010cSP\u017dP v\u00a0r. 2004. Nebyla to tentokr\u00e1te valn\u00e1 hromada volebn\u00ed; o to v\u00edce \u010dasu bylo mo\u017en\u00e9 v\u011bnovat diskusi o tom, jak se Spolku da\u0159\u00ed plnit z\u00e1kladn\u00ed posl\u00e1n\u00ed &#8211; p\u0159isp\u00edvatkezd\u016fraz\u0148ov\u00e1n\u00edv\u00fdznamup\u00e9\u010deo\u017eivotn\u00edprost\u0159ed\u00edprost\u0159ednictv\u00edminforma\u010dn\u00edchavzd\u011bl\u00e1vac\u00edchaktivitzejm\u00e9napropot\u0159ebyekonomick\u00fdchsektor\u016faprooblastve\u0159ejn\u00e9spr\u00e1vy.<\/p>\n<p>&nbsp;<\/p>\n<p>\u010cSP\u017dPjednesprogramov\u011biekonomickystabilizovanouspole\u010dnost\u00ed,pod\u00edlej\u00edc\u00ed se na pozn\u00e1v\u00e1n\u00ed a prosazov\u00e1n\u00ed environment\u00e1ln\u00edch souvislost\u00ed udr\u017eiteln\u00e9ho rozvoje. Aktivn\u00ed \u010dlensk\u00e1 z\u00e1kladna umo\u017e\u0148uje Spolku hr\u00e1t v\u00fdznamnou \u00falohu v\u00a0oblasti ochrany \u017eivotn\u00edho prost\u0159ed\u00ed a napl\u0148ovat z\u00e1kladn\u00ed posl\u00e1n\u00ed konkr\u00e9tn\u00edmi \u010diny. B\u011bhem sedmi let sv\u00e9 existence uspo\u0159\u00e1dal \u010cSP\u017dP na 50 odborn\u00fdch akc\u00ed, kter\u00fdch se celkem \u00fa\u010dastnilo v\u00edce ne\u017e 2.000 odborn\u00edk\u016f i z\u00e1jemc\u016f z \u0159ad \u0161irok\u00e9 ve\u0159ejnosti. V\u00a0r.2007 organizoval v Praze i valnou hromadu a odborn\u00fd semin\u00e1\u0159 Evropsk\u00e9 federace spole\u010dnost\u00ed sdru\u017euj\u00edc\u00edch odborn\u00edky v\u00a0\u017eivotn\u00edm prost\u0159ed\u00ed (EFAEP), jej\u00edm\u017e je \u010dlenem. EFAEP v\u00a0sou\u010dasnosti spojuje v\u00edce ne\u017e 40.000 odborn\u00edk\u016f z\u00a010 zem\u00ed EU a \u0160v\u00fdcarska a jej\u00edm prost\u0159ednictv\u00edm m\u00e1 \u010cSP\u017dP mo\u017enost pod\u00edlet se i na konzultac\u00edch a stanovisc\u00edch k\u00a0p\u0159ipravovan\u00fdm evropsk\u00fdm dokument\u016fm.<\/p>\n<p>&nbsp;<\/p>\n<p>Jak\u00e9 by tedy m\u011bly b\u00fdt \u00fakoly a c\u00edle \u010cSP\u017dP do budoucna ? Domn\u00edv\u00e1m se, \u017ee bychom se m\u011bli je\u0161t\u011b aktivn\u011bji a konkr\u00e9tn\u011bji zam\u011b\u0159it na podporu v\u00fdrobn\u00ed sf\u00e9ry p\u0159i \u0159e\u0161en\u00ed environment\u00e1ln\u00edch souvislost\u00ed ekonomick\u00e9ho rozvoje. \u010cSP\u017dP by se mohl pod\u00edlet na spolupr\u00e1ci p\u0159i p\u0159\u00edprav\u011b a posuzov\u00e1n\u00ed p\u0159ipravovan\u00fdch koncep\u010dn\u00edch a legislativn\u00edch norem, vych\u00e1zej\u00edc\u00ed z\u00a0p\u0159esv\u011bd\u010den\u00ed, \u017ee naprost\u00e1 v\u011bt\u0161ina v\u00fdrobn\u00edch organizac\u00ed si je v\u00fdznamu ochrany \u017eivotn\u00edho prost\u0159ed\u00ed v\u011bdoma a \u017ee se k\u00a0n\u00ed aktivn\u011b hl\u00e1s\u00ed. M\u011bli bychom v\u00fdrazn\u011bji vystupovat proti n\u00e1zoru, \u017ee za v\u0161e \u0161patn\u00e9 v\u00a0\u017eivotn\u00edm prost\u0159ed\u00ed m\u016f\u017ee p\u0159edev\u0161\u00edm pr\u016fmysl. Zat\u00edmco zast\u00e1nci tohoto n\u00e1zoru maj\u00ed sv\u00e1 sdru\u017een\u00ed, sv\u00e9 iniciativy, sv\u00e9 spole\u010dnosti, kter\u00e9 um\u00ed svou \u010dinnost i pat\u0159i\u010dn\u011b prodat, neziskov\u00fdch organizac\u00ed zab\u00fdvaj\u00edc\u00edch se environment\u00e1ln\u00edmi ot\u00e1zkami spojen\u00fdmi s\u00a0rozvojem pr\u016fmyslu a obhajov\u00e1n\u00edm a podporov\u00e1n\u00edm dosa\u017een\u00fdch v\u00fdsledk\u016f je podstatn\u011b m\u00e9n\u011b.<\/p>\n<p>&nbsp;<\/p>\n<p align=\"JUSTIFY\">Podle m\u00e9ho n\u00e1zoru je proto na po\u0159adu dne \u00fakol zab\u00fdvat se aktivitami, kter\u00e9 by se jednozna\u010dn\u011b p\u0159ihl\u00e1sily k\u00a0\u00a0my\u0161lence podpory technick\u00e9ho pokroku, k\u00a0my\u0161lence, \u017ee to, co je p\u0159\u00ednosem ekonomick\u00fdm, m\u016f\u017ee b\u00fdt a je ve vysp\u011bl\u00e9 spole\u010dnosti i p\u0159\u00ednosem environment\u00e1ln\u00edm<strong>. <\/strong>\u0158e\u010deno jednodu\u0161eji: argumentac\u00ed a prokazov\u00e1n\u00edm, \u017ee i d\u00e1lnice, Temel\u00edn \u010di energetick\u00e9 vyu\u017e\u00edv\u00e1n\u00ed odpad\u016f jsou p\u0159\u00ednosem pro kvalitu \u017eivotn\u00edho prost\u0159ed\u00ed n\u00e1s v\u0161ech.<\/p>\n<p>\u00a012. 4. 2010<\/p>\n<p><strong>2009<\/strong><\/p>\n<p align=\"CENTER\"><strong>\u010cinnost \u010cesk\u00e9ho spolku pro p\u00e9\u010di o \u017eivotn\u00ed prost\u0159ed\u00ed v roce 2008<\/strong><\/p>\n<p align=\"JUSTIFY\">Jsem r\u00e1da, \u017ee mohu napsat: Rok 2008 byl op\u011bt pro n\u00e1\u0161 Spolek \u00fasp\u011b\u0161n\u00fd. \u00da\u010dastn\u00edci po\u0159\u00e1dan\u00fdch akc\u00ed oce\u0148ovali jejich odbornou \u00farove\u0148 i aktu\u00e1lnost. Nejen poslucha\u010di, ale i p\u0159edn\u00e1\u0161ej\u00edc\u00ed z r\u016fzn\u00fdch obor\u016f \u010dasto v\u00edtaj\u00ed vz\u00e1jemn\u00e9 sezn\u00e1men\u00ed, umo\u017e\u0148uj\u00edc\u00ed v\u00fdm\u011bnu zku\u0161enost\u00ed a informac\u00ed.<\/p>\n<p align=\"JUSTIFY\">V\u011bnovali jsme se p\u0159edev\u0161\u00edm informov\u00e1n\u00ed a vzd\u011bl\u00e1v\u00e1n\u00ed odborn\u00e9 ve\u0159ejnosti. Uspo\u0159\u00e1dali jsme celkem 5 semin\u00e1\u0159\u016f, v\u011bnovan\u00fdch aktu\u00e1ln\u00edm ot\u00e1zk\u00e1m ochrany \u017eivotn\u00edho prost\u0159ed\u00ed. Na\u0161e semin\u00e1\u0159e jsou ur\u010deny nejen odborn\u00e9 ve\u0159ejnosti, ale i student\u016fm. Jejich \u00fa\u010dast, stejn\u011b jako \u00fa\u010dast nev\u00fdd\u011ble\u010dn\u011b \u010dinn\u00fdch odborn\u00edk\u016f, podporujeme mo\u017enost\u00ed \u00fa\u010dasti bez vlo\u017en\u00e9ho.<\/p>\n<p lang=\"en-US\" align=\"JUSTIFY\">Ji\u017e tradi\u010dn\u011b jsme se v\u011bnovali z\u00e1va\u017en\u00e9 problematice nakl\u00e1d\u00e1n\u00ed s odpady ze zdravotnick\u00fdch za\u0159\u00edzen\u00ed..Semin\u00e1\u0159 byl tentokr\u00e1t uspo\u0159\u00e1d\u00e1n v Brn\u011b.<\/p>\n<p align=\"JUSTIFY\">V r\u00e1mci na\u0161\u00ed dobr\u00e9 spolupr\u00e1ce s Ministerstvem \u017eivotn\u00edho prost\u0159ed\u00ed jsme se zam\u011b\u0159ili na pr\u00e1vn\u00ed r\u00e1mec ochrany \u017eivotn\u00edho prost\u0159ed\u00ed &#8211; tentokr\u00e1te semin\u00e1\u0159em &#8222;Mezin\u00e1rodn\u00ed \u00famluvy v ochran\u011b p\u0159\u00edrody&#8220;. Pracovn\u00edci M\u017dP navrhli uspo\u0159\u00e1d\u00e1n\u00ed obdobn\u00e9ho semin\u00e1\u0159e &#8211; tentokr\u00e1te s t\u00e9matem legislativn\u00ed ochrana p\u0159\u00edrody v \u010cesk\u00e9 republice &#8211; v roce 2009.<\/p>\n<p align=\"JUSTIFY\">N\u00e1\u0161 dlouhodob\u00fd pravideln\u00fd cyklus zam\u011b\u0159en\u00fd na omezen\u00ed neleg\u00e1ln\u00edch \u010dinnost\u00ed po\u0161kozuj\u00edc\u00edch \u017eivotn\u00ed prost\u0159ed\u00ed, kontrolu a sankce pokra\u010doval dv\u011bmi semin\u00e1\u0159i.<\/p>\n<p align=\"JUSTIFY\">\u010cervnov\u00fd &#8211; &#8222;Nakl\u00e1d\u00e1n\u00ed s nebezpe\u010dn\u00fdmi l\u00e1tkami &#8211; kontrola a sankce&#8220; m\u011bl op\u011bt tradi\u010dn\u00ed osnovu &#8211; sezn\u00e1men\u00ed s probl\u00e9mem v\u010detn\u011b legislativn\u00edho zabezpe\u010den\u00ed a povinnost\u00ed p\u0159i nakl\u00e1d\u00e1n\u00ed s nebezpe\u010dn\u00fdmi l\u00e1tkami, pohled na problematiku lidsk\u00e9ho zdrav\u00ed, inspek\u010dn\u00ed a kontroln\u00ed \u010dinnost v\u010detn\u011b postupu p\u0159i zji\u0161t\u011bn\u00ed z\u00e1vadn\u00e9ho nakl\u00e1d\u00e1n\u00ed. Zajimav\u00e9 byly i post\u0159ehy a zku\u0161enosti celn\u00ed spr\u00e1vy, Policie \u010cR (v\u010detn\u011b \u00daOOZ) i Hasi\u010dsk\u00e9ho z\u00e1chrann\u00e9ho sboru. V\u0161echny p\u0159edn\u00e1\u0161ky byly vysoce kvalitn\u00ed. Diskuze prob\u00edhala i po ozn\u00e1men\u00e9m ukon\u010den\u00ed akce.<\/p>\n<p>Druh\u00fdm semin\u00e1\u0159em tohoto cyklu byl prosincov\u00fd, zam\u011b\u0159en\u00fd na problematiku hluku<\/p>\n<p>v lidsk\u00fdch s\u00eddlech. Je v\u00fdborn\u00e9 , \u017ee se o jeho uskute\u010dn\u011bn\u00ed zaslou\u017eili pracovn\u00edci na\u0161eho nov\u00e9ho skupinov\u00e9ho \u010dlena &#8211; N\u00e1rodn\u00ed referen\u010dn\u00ed laborato\u0159 pro m\u011b\u0159en\u00ed a posuzov\u00e1n\u00ed hluku p\u0159i Z\u00da se s\u00eddlem v Pardubic\u00edch. \u00da\u010dastn\u00edci p\u0159iv\u00edtali tento ojedin\u011bl\u00fd semin\u00e1\u0159 a v diskuzi navrhli, aby se \u010cSP\u017dP zab\u00fdval touto problematikou i nad\u00e1le a aby se tento semin\u00e1\u0159 stal prvn\u00edm v cel\u00e9 \u0159ad\u011b obdobn\u011b zam\u011b\u0159en\u00fdch semin\u00e1\u0159\u016f.<\/p>\n<p>&nbsp;<\/p>\n<p>Na podzim jsme obnovili po\u0159\u00e1d\u00e1n\u00ed tradi\u010dn\u00edch kabinet\u016f odpad\u016f -jako v\u017edy v minulosti &#8211; na M\u017dP.. Jsou velice dobrou, v\u00edtanou mo\u017enost\u00ed informov\u00e1n\u00ed odborn\u00e9 ve\u0159ejnosti (p\u0159ev\u00e1\u017en\u011b pracovn\u00edk\u016f ve\u0159ejn\u00e9 spr\u00e1vy) pracovn\u00edky M\u017dP o aktu\u00e1ln\u00edch ot\u00e1zk\u00e1ch odpadov\u00e9ho hospod\u00e1\u0159stv\u00ed a vz\u00e1jemn\u00e9 diskuze. Prv\u00fd byl zam\u011b\u0159en na st\u00e1le \u017eivou problematiku p\u0159epravy odpad\u016f, druh\u00fd na \u0161irokou \u0161k\u00e1lu ot\u00e1zek, spojen\u00fdch s nakl\u00e1d\u00e1n\u00edm s biologick\u00fdmi odpady. Obnova po\u0159\u00e1d\u00e1n\u00ed kabinet\u016f po p\u016flro\u010dn\u00ed odmlce, stejn\u011b jako i ob\u011b t\u00e9mata ,byla v\u0159ele uv\u00edt\u00e1na.<\/p>\n<p>&nbsp;<\/p>\n<p>P\u0159i p\u0159\u00edle\u017eitosti b\u0159eznov\u00e9 valn\u00e9 hromady na\u0161eho Spolku jsme uspo\u0159\u00e1dali informativn\u00ed semin\u00e1\u0159 seznamuj\u00edc\u00ed p\u0159\u00edtomn\u00e9 s EFAEP a v\u00fdznamem \u010dlenstv\u00ed \u010cSP\u017dP v n\u011bm pro na\u0161e \u010dleny.<\/p>\n<p>&nbsp;<\/p>\n<p>V pr\u016fb\u011bhu lo\u0148sk\u00e9ho roku jsme rovn\u011b\u017e prohloubili spolupr\u00e1ci se \u010dlensk\u00fdmi organizacemi \u010cSVTS &#8211; p\u0159edev\u0161\u00edm s Dendrologickou skupinou \u010cesk\u00e9 lesnick\u00e9 spole\u010dnosti. Byli jsme j\u00ed, stejn\u011b jako \u00daM\u010c Prahy 9, po\u017e\u00e1d\u00e1ni o spolupr\u00e1ci p\u0159i po\u0159\u00e1d\u00e1n\u00ed semin\u00e1\u0159e &#8222;K\u00e1cen\u00ed strom\u016f ve m\u011bstech&#8220;. Z\u00e1\u0159ijov\u00fd semin\u00e1\u0159 byl tak \u00fasp\u011b\u0161n\u00fd, \u017ee byl opakov\u00e1n v \u0159\u00edjnu, se stejn\u011b hojnou \u00fa\u010dast\u00ed (po ka\u017ed\u00e9 cca 100 p\u0159\u00edtomn\u00fdch).<\/p>\n<p>&nbsp;<\/p>\n<p>Dal\u0161\u00ed skupinov\u00fd \u010dlen \u010cSP\u017dP , Centrum dopravn\u00edho v\u00fdzkumu v Brn\u011b uspo\u0159\u00e1dal<\/p>\n<p>v roce 2008 3. konferenci &#8222;Doprava, zdrav\u00ed a \u017eivotn\u00ed prost\u0159ed\u00ed&#8220;. Spolupo\u0159adateli byly v\u00fdznam\u00e9 instituce z \u010cesk\u00e9 i Slovensk\u00e9 republiky. V\u00e1\u017e\u00edme si toho, \u017ee jsme byli vyzv\u00e1ni ke spolupo\u0159adatelstv\u00ed t\u00e9to v\u00fdznamn\u00e9 konference.<\/p>\n<p>&nbsp;<\/p>\n<p>V\u00fdznamn\u00e9 je i \u010dlenstv\u00ed \u010cSP\u017dP v Evropsk\u00e9 federaci spole\u010dnost\u00ed, sdru\u017euj\u00edc\u00edch profesion\u00e1ly v \u017eivotn\u00edm prost\u0159ed\u00ed &#8211; EFAEP..Umo\u017e\u0148uje aktivn\u00ed zapojen\u00ed do \u00fasil\u00ed o dosa\u017een\u00ed c\u00edl\u016f EFAEP, kter\u00e9 jsou p\u0159edev\u0161\u00edm:<\/p>\n<p>&nbsp;<\/p>\n<ul>\n<li>p\u0159isp\u00edvati k rozvoji evropsk\u00e9 politiky, rozumn\u00e9 z hlediska ochrany \u017eivotn\u00edho prost\u0159ed\u00ed;<\/li>\n<li>p\u011bstovati spolupr\u00e1ci evropsk\u00fdch spole\u010dnost\u00ed, sdru\u017euj\u00edc\u00edch profesion\u00e1ly v \u017eivotn\u00edm prost\u0159ed\u00ed;<\/li>\n<li>p\u011bstovati spolupr\u00e1ci evropsk\u00fdch odborn\u00edk\u016f na \u017eivotn\u00ed prost\u0159ed\u00ed;<\/li>\n<li>umo\u017eniti pr\u016fb\u011b\u017en\u00e9 vzd\u011bl\u00e1v\u00e1n\u00ed profesion\u00e1l\u016f na \u00farovni sou\u010dasn\u00fdch znalost\u00ed;<\/li>\n<li>podpo\u0159iti \u010dinnost odborn\u00edk\u016f, profesion\u00e1l\u016f v oblasti ochrany \u017eivotn\u00edho prost\u0159ed\u00ed<\/li>\n<\/ul>\n<p>a p\u0159\u00edbuzn\u00fdch technologi\u00ed v Evrop\u011b a t\u00edm p\u0159isp\u011bti k v\u010dasn\u00e9mu \u0159e\u0161en\u00ed probl\u00e9m\u016f<\/p>\n<p>spojen\u00fdch se zne\u010di\u0161t\u011bn\u00edm \u017eivotn\u00edho prost\u0159ed\u00ed<\/p>\n<ul>\n<li>podpo\u0159iti informovanost i prohloubiti pov\u011bdom\u00ed ve\u0159ejnosti o sou\u010dasn\u00fdch ot\u00e1zk\u00e1ch ochrany \u017eivotn\u00edho prost\u0159ed\u00ed<\/li>\n<li>podpo\u0159iti spr\u00e1vn\u00e9 vyu\u017e\u00edv\u00e1n\u00ed v\u011bdeck\u00fdch znalost\u00ed k ochran\u011b \u017eivotn\u00edho prost\u0159ed\u00ed.<\/li>\n<\/ul>\n<p>&nbsp;<\/p>\n<p>EFAEP jedn\u00e1 (tak, jak to je nutn\u00e9 v z\u00e1jmu rozvoje a ochrany \u017eivotn\u00edho prost\u0159ed\u00ed)<\/p>\n<p>s politick\u00fdmi a administrativn\u00edmi subjekty EU, p\u0159\u00edpadn\u011b i dal\u0161\u00edmi skupinami \u010di jednotlivci \u010di vyvol\u00e1v\u00e1 odpov\u00eddaj\u00edc\u00ed \u010dinnosti. P\u0159edstavov\u00e1n\u00ed, p\u0159\u00edpadn\u011b prosazov\u00e1n\u00ed z\u00e1jm\u016f \u010dlensk\u00fdch organizac\u00ed nepop\u00edr\u00e1 hlavn\u00ed v\u011bdeck\u00fd charakter EFAEP.<\/p>\n<p>&nbsp;<\/p>\n<p>Jedn\u00edm z velk\u00fdch p\u0159\u00ednos\u016f \u010dlen\u016fm organizac\u00ed, sdru\u017een\u00fdm v EFAEP &#8211; tedy i \u010cSP\u017dP je pravideln\u00e9 seznamov\u00e1n\u00ed s novinkami v p\u00e9\u010di o \u017eivotn\u00ed prost\u0159ed\u00ed, v legislativ\u011b \u017eivotn\u00edho prost\u0159ed\u00ed i s nab\u00eddkou voln\u00fdch m\u00edst pro odborn\u00edky. Je mo\u017eno rovn\u011b\u017e pracovat (i vyu\u017e\u00edvat v\u00fdsledk\u016f pr\u00e1ce) v r\u00e1mci odborn\u00fdch skupin EFAEP (na p\u0159. skupina pro EMAS (Environment Management System\u00a8) nebo skupina, zab\u00fdvaj\u00edc\u00ed se sni\u017eov\u00e1n\u00edm produkce oxidu uhli\u010dit\u00e9ho) .<\/p>\n<p>N\u00e1strojem vz\u00e1jemn\u00e9ho propojen\u00ed \u010dlen\u016f je s\u00ed\u0165 &#8222;ENEP&#8220;, ve kter\u00e9 jsou uvedeni v\u00fdznamn\u00ed odborn\u00edci (v\u010detn\u011b jejich odborn\u00e9 charakteristiky) v\u0161ech jednotliv\u00fdch \u010dlensk\u00fdch organizac\u00ed EFAEP. Tato s\u00ed\u0165 usnad\u0148uje vyu\u017eit\u00ed znalost\u00ed, vz\u00e1jemn\u00e9 spolupr\u00e1ce ap. odborn\u00edk\u016f v r\u00e1mci v\u0161ech \u010dlensk\u00fdch organizac\u00ed EFAEP (jednotliv\u00ed \u010dlenov\u00e9 \u010dlensk\u00fdch organizac\u00ed vyu\u017e\u00edvaj\u00ed s\u00ed\u0165 ENEP zdarma, ostatn\u00ed za \u00faplatu).<\/p>\n<p>&nbsp;<\/p>\n<p>Celkov\u00e1 \u010dinnost \u010cSP\u017dP je zaji\u0161\u0165ov\u00e1na dobrovolnou, tak\u0159ka nehonorovanou prac\u00ed \u010dlen\u016f v\u00fdboru a revizn\u00ed komise. Nem\u00e1me placen\u00e9ho pracovn\u00edka.<\/p>\n<p>Souhrnn\u011b si dovol\u00edm konstatovat, \u017ee si \u010cSP\u017dP ji\u017e p\u00e1t\u00fdm rokem buduje sv\u00e9 m\u00edsto mezi odbornou ve\u0159ejnost\u00ed, jeho \u010dinnost je hodnocena dosti vysoko.<\/p>\n<p>Vypracovala v dubnu 2009\u00a0 Ing. Libu\u0161e Deylov\u00e1<\/p>\n<p>&nbsp;<\/p>\n<p>&nbsp;<\/p>\n<p><span style=\"text-decoration: underline;\"><strong>2007<\/strong><\/span><\/p>\n<p align=\"CENTER\"><span style=\"font-size: large;\">\u010cESK\u00dd SPOLEK PRO P\u00c9\u010cI O \u017dIVOTN\u00cd PROST\u0158ED\u00cd<\/span><\/p>\n<p align=\"JUSTIFY\"><strong>\u010cesk\u00fd spolek pro p\u00e9\u010di o \u017eivotn\u00ed prost\u0159ed\u00ed <\/strong>(d\u00e1le jen \u201e\u010cSP\u017dP\u201c nebo \u201eSpolek\u201c)<strong> je dobrovoln\u00e9, nevl\u00e1dn\u00ed, nepolitick\u00e9, ve\u0159ejn\u011b prosp\u011b\u0161n\u00e9, v\u011bdeckotechnicky zam\u011b\u0159en\u00e9 neziskov\u00e9 ob\u010dansk\u00e9 sdru\u017een\u00ed odborn\u00edk\u016f, zam\u011b\u0159en\u00fdch na ochranu a tvorbu \u017eivotn\u00edho prost\u0159ed\u00ed. <\/strong><\/p>\n<p align=\"JUSTIFY\">USTAVEN\u00cd<\/p>\n<p align=\"JUSTIFY\"><span style=\"font-size: large;\"> <span style=\"font-size: medium;\">Skupina odborn\u00edk\u016f postr\u00e1dala po\u010d\u00e1tkem roku 2004 \u010dinnost nevl\u00e1dn\u00ed organizace, v\u011bdeckotechnicky zam\u011b\u0159en\u00e9 na problematiku \u017eivotn\u00edho prost\u0159ed\u00ed. Rozhodla se proto ustavit \u010cesk\u00fd spolek pro p\u00e9\u010di o \u017eivotn\u00ed prost\u0159ed\u00ed. Snaha byla zavr\u0161ena registrac\u00ed MV dne 18.5.2004 pod \u010d.j. VS\/1 \u2013 1\/57 412\/04 \u2013 R, ud\u011blen\u00edm I\u010cO 266 66 294 a n\u00e1sleduj\u00edc\u00ed ustavuj\u00edc\u00ed sch\u016fz\u00ed \u010cesk\u00e9ho spolku pro p\u00e9\u010di o \u017eivotn\u00ed prost\u0159ed\u00ed v\u00a0z\u00e1\u0159\u00ed 2004. Na sch\u016fzi byli pozv\u00e1ni odborn\u00edci dan\u00e9 oblasti. \u00da\u010dastn\u00edci uv\u00edtali a podpo\u0159ili p\u0159epokl\u00e1danou \u010dinnost Spolku a odsouhlasili stanovy \u010cSP\u017dP.<\/span><\/span><\/p>\n<p align=\"LEFT\"><span style=\"font-size: medium;\">S\u00cdDLO A P\u016eSOBNOST<\/span><\/p>\n<p align=\"JUSTIFY\">\u010cSP\u017dP s\u00eddl\u00ed od roku 2006 v budov\u011b \u010cSVTS na Novotn\u00e9ho l\u00e1vce \u010d.5 v\u00a0Praze 1. Od sv\u00e9ho vzniku p\u016fsob\u00ed na cel\u00e9m \u00fazem\u00ed \u010cesk\u00e9 republiky.<\/p>\n<p align=\"JUSTIFY\">ZAM\u011a\u0158EN\u00cd \u010cINNOSTI<\/p>\n<p align=\"JUSTIFY\">\u010cSP\u017dP se zab\u00fdv\u00e1 p\u0159edev\u0161\u00edm vztahy mezi ochranou \u017eivotn\u00edho prost\u0159ed\u00ed a v\u00fdrobn\u00edmi \u010dinnostmi, vzd\u011bl\u00e1v\u00e1n\u00edm a v\u00fdchovou v\u00a0p\u00e9\u010di o \u017eivotn\u00ed prost\u0159ed\u00ed, zprost\u0159edkov\u00e1v\u00e1n\u00edm a \u0161\u00ed\u0159en\u00edm informac\u00ed o aktu\u00e1ln\u00edch probl\u00e9mech \u017eivotn\u00edho prost\u0159ed\u00ed zejm\u00e9na v souvislostech s\u00a0hospod\u00e1\u0159sk\u00fdm, trvale udr\u017eiteln\u00fdm rozvojem. Je si v\u011bdom skute\u010dnosti, \u017ee p\u00e9\u010de o \u017eivotn\u00ed prost\u0159ed\u00ed p\u0159edstavuje jeden z\u00a0pil\u00ed\u0159\u016f udr\u017eiteln\u00e9ho rozvoje.<\/p>\n<p align=\"JUSTIFY\">V\u011bdeckotechnick\u00e1 \u010dinnost v\u00a0r\u00e1mci problematiky ochrany \u017eivotn\u00edho prost\u0159ed\u00ed spo\u010d\u00edv\u00e1 v po\u010d\u00e1te\u010dn\u00edm obdob\u00ed existence Spolku p\u0159edev\u0161\u00edm ve<\/p>\n<ul>\n<li>\n<p align=\"JUSTIFY\">vzd\u011bl\u00e1v\u00e1n\u00ed (po\u0159\u00e1d\u00e1n\u00ed semin\u00e1\u0159\u016f, konferenc\u00ed a \u0159\u00edzen\u00fdch diskus\u00ed)<\/p>\n<\/li>\n<li>\n<p align=\"JUSTIFY\">publika\u010dn\u00ed \u010dinnosti (sborn\u00edky p\u0159edn\u00e1\u0161ek z\u00a0konference a semin\u00e1\u0159\u016f)<\/p>\n<\/li>\n<li>\n<p align=\"JUSTIFY\">poradenstv\u00ed<\/p>\n<\/li>\n<li>\n<p align=\"JUSTIFY\">spolupr\u00e1ci s\u00a0organizacemi st\u00e1tn\u00ed spr\u00e1vy, vysok\u00fdmi \u0161kolami, v\u011bdecko-<\/p>\n<\/li>\n<\/ul>\n<p align=\"JUSTIFY\">technick\u00fdmi pracovi\u0161ti<\/p>\n<ul>\n<li>\n<p align=\"JUSTIFY\">mezin\u00e1rodn\u00ed spolupr\u00e1ci v\u00a0r\u00e1mci Evropsk\u00e9 federace spole\u010dnost\u00ed, sdru\u017euj\u00edc\u00edch<\/p>\n<\/li>\n<\/ul>\n<p align=\"JUSTIFY\">odborn\u00edky v problematice \u017eivotn\u00edho prost\u0159ed\u00ed (EFAEP).<\/p>\n<p align=\"JUSTIFY\">\u010cLENSK\u00c1 Z\u00c1KLADNA<\/p>\n<p align=\"JUSTIFY\">\u010clenskou z\u00e1kladnu \u010cSP\u017dP tvo\u0159\u00ed individu\u00e1ln\u00ed a skupinov\u00ed \u010dlenov\u00e9 &#8211; r\u016fzn\u011b zam\u011b\u0159en\u00ed odborn\u00edci, zab\u00fdvaj\u00edc\u00ed se odbornou, \u0159\u00edd\u00edc\u00ed i spr\u00e1vn\u00ed a vzd\u011bl\u00e1vac\u00ed \u010dinnost\u00ed v\u00a0r\u00e1mci p\u00e9\u010de o \u017eivotn\u00ed prost\u0159ed\u00ed. Dobr\u00e9 vysv\u011bd\u010den\u00ed d\u00e1v\u00e1 Spolku skute\u010dnost, \u017ee \u0159ada odborn\u00edk\u016f a p\u0159edev\u0161\u00edm organizac\u00ed se hl\u00e1s\u00ed ke \u010dlenstv\u00ed na z\u00e1klad\u011b \u00fasp\u011b\u0161n\u00fdch odborn\u00fdch akc\u00ed, po\u0159\u00e1dan\u00fdch Spolkem. Jedn\u00edm z\u00a0\u010dlen\u016f je nap\u0159. t\u00e9\u017e britsk\u00fd ob\u010dan \u2013 syn \u010desk\u00fdch rodi\u010d\u016f \u2013 kter\u00fd se p\u0159ipravuje na doktor\u00e1t v\u00a0oboru ochrany \u017eivotn\u00edho prost\u0159ed\u00ed na univerzit\u011b v\u00a0Lond\u00fdn\u011b.<\/p>\n<p align=\"JUSTIFY\">\u0158\u00cdZEN\u00cd<\/p>\n<p align=\"JUSTIFY\"><span style=\"font-size: large;\"><span style=\"font-size: medium;\">\u010cinnost Spolku je \u0159\u00edzena sedmi\u010dlenn\u00fdm v\u00fdborem, p\u016fvodn\u011b zvolen\u00fdm na ustavuj\u00edc\u00ed valn\u00e9 hromad\u011b \u010cSP\u017dP 2. z\u00e1\u0159\u00ed 2004 a znovu zvolen\u00fdm (s malou obm\u011bnou) na volebn\u00ed valn\u00e9 hromad\u011b v\u00a0prosinci 2006. N\u00e1vazn\u011b byl v\u00a0roce 2004 i v\u00a0roce 2006 p\u0159edsedou v\u00fdboru zvolen Ing. Jan Jarol\u00edm \u2013 m\u00edstostarosta, od podzimu 2006 starosta m\u011bstsk\u00e9 \u010d\u00e1sti Praha 9. Sledov\u00e1na a kontrolov\u00e1na je t\u0159\u00ed\u010dlennou revizn\u00ed komis\u00ed, zvolenou ustavuj\u00edc\u00ed valnou hromadou a volebn\u00ed valnou hromadou. V\u00a0obou volb\u00e1ch (v roce 2004 i 2006) byl zvolen jej\u00edm p\u0159edsedou doc. Ing. Ji\u0159\u00ed Palat\u00fd, CSc. z\u00a0V\u0160CHT Praha.<\/span><\/span><\/p>\n<p align=\"JUSTIFY\">FINANCOV\u00c1N\u00cd<\/p>\n<p align=\"JUSTIFY\">\u010cinnost \u010cSP\u017dP je finan\u010dn\u011b zabezpe\u010dena \u010dlensk\u00fdmi p\u0159\u00edsp\u011bvky (\u010din\u00ed ro\u010dn\u011b pro jednotlivce v\u00fdd\u011ble\u010dn\u011b \u010dinn\u00e9 500,- K\u010d, nev\u00fdd\u011ble\u010dn\u011b \u010dinn\u00e9 100,- K\u010d a pro skupinov\u00e9 \u010dleny 1 000,- K\u010d), vlo\u017en\u00fdm z\u00a0odborn\u00fdch akc\u00ed a finan\u010dn\u00edmi dary \u010dlen\u016f. Finan\u010dn\u00ed n\u00e1klady jsou zna\u010dn\u011b sni\u017eov\u00e1ny bezplatnou prac\u00ed \u010dlen\u016f v\u00fdboru a revizn\u00ed komise, zaji\u0161\u0165uj\u00edc\u00ed \u010dinnost v\u00a0\u00fasporn\u00fdch podm\u00ednk\u00e1ch. To v\u0161e, spolu se sn\u00ed\u017een\u00edm provozn\u00edch n\u00e1klad\u016f po p\u0159ijet\u00ed \u010cesk\u00e9ho spolku pro p\u00e9\u010di o \u017eivotn\u00ed prost\u0159ed\u00ed do \u010cesk\u00e9ho svazu v\u011bdeckotechnick\u00fdch spole\u010dnost\u00ed jeho valnou hromadou dne 31. kv\u011btna 2007 podm\u00ednilo skute\u010dnost, \u017ee Spolek je trvale finan\u010dn\u011b aktivn\u00ed.<\/p>\n<p align=\"JUSTIFY\">\u010cINNOST<\/p>\n<p align=\"JUSTIFY\">\u010cSP\u017dP postupn\u011b \u00fasp\u011b\u0161n\u011b rozv\u00edj\u00ed svou \u010dinnost, zam\u011b\u0159enou p\u0159edev\u0161\u00edm na seznamov\u00e1n\u00ed odborn\u00e9 ve\u0159ejnosti s\u00a0aktu\u00e1ln\u00ed problematikou. \u00da\u010dastn\u00edci odborn\u00fdch akc\u00ed p\u0159iv\u00edtali ustaven\u00ed Spolku i jeho odborn\u00e9 zam\u011b\u0159en\u00ed a po\u017eaduj\u00ed (i n\u00e1sledn\u00fdmi telefon\u00e1ty a e-zpr\u00e1vami) pokra\u010dov\u00e1n\u00ed a roz\u0161\u00ed\u0159en\u00ed zah\u00e1jen\u00e9 \u010dinnosti. Vysokou \u00farove\u0148 \u010dinnosti Spolku ocenila i \u0159ada ministerstev (\u017eivotn\u00edho prost\u0159ed\u00ed, zdravotnictv\u00ed, pr\u016fmyslu, dopravy) a dal\u0161\u00edch organizac\u00ed (nap\u0159. St\u00e1tn\u00ed zdravotn\u00ed \u00fastav, \u010cesk\u00e1 energetick\u00e1 agentura, Centrum dopravn\u00edho v\u00fdzkumu, spol. s\u00a0r.o. RAEN) a vysok\u00fdch \u0161kol (nap\u0159. \u010cesk\u00e1 zem\u011bd\u011blsk\u00e1 univerzita, Univerzita JE Purkyn\u011b-ho, Vysok\u00e1 \u0161kola b\u00e1\u0148sk\u00e1) . V\u011bt\u0161ina t\u011bchto organizac\u00ed se st\u00e1v\u00e1 spolupo\u0159adateli \u0159ady z\u00e1va\u017en\u00fdch akc\u00ed \u010cSP\u017dP.<\/p>\n<h5 align=\"JUSTIFY\">\u010cSP\u017dP se v\u011bnuje nejen \u0159e\u0161en\u00ed problematiky ochrany \u017eivotn\u00edho prost\u0159ed\u00ed \u2013 ale i mo\u017enostmi jeho financov\u00e1n\u00ed. Tak na p\u0159\u00edklad se velk\u00e1 konference, uspo\u0159\u00e1dan\u00e1 brzy po ustaven\u00ed v roce 2004, byla aktu\u00e1ln\u011b zam\u011b\u0159ena na mo\u017enosti financov\u00e1n\u00ed ochrany \u017eivotn\u00edho prost\u0159ed\u00ed po vstupu \u010cesk\u00e9 republiky do Evropsk\u00e9 Unie.<\/h5>\n<p>&nbsp;<\/p>\n<p>&nbsp;<\/p>\n<p align=\"JUSTIFY\">Spolek se dosti intenzivn\u011b v\u011bnuje ot\u00e1zk\u00e1m <strong>odpadov\u00e9ho hospod\u00e1\u0159stv\u00ed<\/strong>. Odbornou ve\u0159ejnost\u00ed jsou obl\u00edbeny pravideln\u00e9 t.zv.\u201c<strong>Kabinety odpad\u016f<\/strong>\u201c, konan\u00e9 n\u011bkolikr\u00e1t n\u011bkolikr\u00e1t ro\u010dn\u011b. Umo\u017e\u0148uj\u00ed otev\u0159enou, \u017eivou diskuzi p\u0159ipravovan\u00fdch opat\u0159en\u00ed a aktu\u00e1ln\u00edch probl\u00e9m\u016f odpadov\u00e9ho hospod\u00e1\u0159stv\u00ed mezi pracovn\u00edky M\u017dP a\u00a0odborn\u00edky z\u00a0praxe. Pom\u00e1h\u00e1 vz\u00e1jemn\u00e9mu pochopen\u00ed a vyjasn\u011bn\u00ed stanovisek a n\u00e1zoror\u016f na p\u0159ipravovan\u00e1 opat\u0159en\u00ed a aktu\u00e1ln\u00ed problematiku odpadov\u00e9ho hospod\u00e1\u0159stv\u00ed. KO se t\u00fdkaly nap\u0159. p\u0159\u00edpravy pl\u00e1n\u016f odpadov\u00e9ho hospod\u00e1\u0159stv\u00ed a jejich vyhodnocen\u00ed, odd\u011blen\u00e9ho sb\u011bru bioodpad\u016f, plast\u016f, skla, pap\u00edru, sb\u011bru elektroodpadu a do\u017eit\u00e9ho elektroza\u0159\u00edzen\u00ed a nakl\u00e1d\u00e1n\u00ed s\u00a0nimi, nakl\u00e1d\u00e1n\u00ed s\u00a0vyt\u011b\u017een\u00fdmi zeminami, hlu\u0161inami i sedimenty, vzorkov\u00e1n\u00edm odpad\u016f, zm\u011bnou z\u00e1kona o odpadech a prov\u00e1d\u011bc\u00edch vyhl\u00e1\u0161ek, mo\u017enostmi podpory projekt\u016f ke zkvalitn\u011bn\u00ed nakl\u00e1d\u00e1n\u00ed s\u00a0odpady v\u00a0r\u00e1mci Opera\u010dn\u00edho programu \u017divotn\u00ed prost\u0159ed\u00ed, a d.<\/p>\n<p align=\"JUSTIFY\"><strong>Semin\u00e1\u0159e <\/strong>byly v\u011bnov\u00e1ny<strong> <\/strong>p\u0159\u00edprav\u011b, tvorb\u011b a vyhodnocen\u00ed <strong>pl\u00e1n\u016f odpadov\u00e9ho<\/strong> <strong>hospod\u00e1\u0159stv\u00ed<\/strong> i dal\u0161\u00edmu z\u00e1va\u017en\u00e9mu \u00faseku nakl\u00e1d\u00e1n\u00ed s\u00a0odpady &#8211; problematice <strong>star\u00fdch ekologick\u00fdch z\u00e1t\u011b\u017e\u00ed.<\/strong><\/p>\n<p align=\"JUSTIFY\">Ve spolupr\u00e1ci s\u00a0Lesnickou fakultou \u010cZU byl uspo\u0159\u00e1d\u00e1n semin\u00e1\u0159 \u201e<strong>Cesty ke zv\u00fd\u0161en\u00ed materi\u00e1lov\u00e9ho vyu\u017eit\u00ed komun\u00e1ln\u00edho odpadu \u2013 automatick\u00e9 t\u0159\u00edd\u011bn\u00ed separovan\u00fdch slo\u017eek<\/strong>\u201c spojen\u00fd s\u00a0odbornou exkurz\u00ed. <strong> <\/strong>Finan\u010dn\u011b byl podpo\u0159en zahrani\u010dn\u00edm partnerem.<\/p>\n<p align=\"JUSTIFY\">Do pop\u0159ed\u00ed odborn\u00e9ho i laick\u00e9ho z\u00e1jmu se postupn\u011b posouv\u00e1 i problematika <strong>zdravotnick\u00fdch odpad\u016f<\/strong>. Spolek proto iniciativn\u011b umo\u017enil zapojen\u00ed odborn\u00e9 ve\u0159ejnosti i do \u0159e\u0161en\u00ed t\u00e9to, pom\u011brn\u011b \u00fa\u017eeji zam\u011b\u0159en\u00e9 ale velice z\u00e1va\u017en\u00e9 problematiky. Dosud uspo\u0159\u00e1dal t\u0159i semin\u00e1\u0159e, seznamuj\u00edc\u00ed s\u00a0\u00fasil\u00edm \u0159\u00edd\u00edc\u00edch org\u00e1n\u016f o zkvalitn\u011bn\u00ed nakl\u00e1d\u00e1n\u00ed se zdravotnic\u00fdmi odpady a naopak se zku\u0161enostmi (v\u010d. obt\u00ed\u017e\u00ed), se kter\u00fdmi se provozovatel\u00e9 zdravotnick\u00fdch za\u0159\u00edzen\u00ed setk\u00e1vaj\u00ed. V\u00a0tomto bod\u011b Spolek up\u0159\u00edmn\u011b d\u011bkuje Spole\u010dnosti pro zdravotnickou techniku \u010cSVTS za poskytnut\u00ed z\u00e1kladn\u00edho adres\u00e1\u0159e a St\u00e1tn\u00edmu zdravotn\u00edmu \u00fastavu za odbornou i organiza\u010dn\u00ed spolupr\u00e1ci. Odborn\u00e1 ve\u0159ejnost uv\u00edtala iniciativu na\u0161eho Spolku a po\u017e\u00e1dal aby v\u00a0n\u00ed neochaboval, stal se z\u00e1kladnou pro diskuzi a podporoval t\u00edm snahu v\u0161ech z\u00fa\u010dastn\u011bn\u00fdch stran o \u00fasp\u011b\u0161n\u00e9 \u0159e\u0161en\u00ed nakl\u00e1d\u00e1n\u00ed se zdravotnick\u00fdmi odpady\u00a0.<\/p>\n<h5 align=\"JUSTIFY\">\u010cesk\u00fd spolek pro p\u00e9\u010di o \u017eivotn\u00ed prost\u0159ed\u00ed se pravideln\u011b v\u011bnuje i problematice sni\u017eov\u00e1n\u00ed nep\u0159\u00edzniv\u00e9ho vlivu produkce a vyu\u017e\u00edv\u00e1n\u00ed elekterick\u00e9 i tepeln\u00e9 energie na \u017eivotn\u00ed prost\u0159ed\u00ed. Dva aktu\u00e1ln\u00ed semin\u00e1\u0159e byly uspo\u0159\u00e1d\u00e1ny za odborn\u00e9 spolupr\u00e1ce spol. s\u00a0r.o. RAEN a finan\u010dn\u00ed podpory \u010cesk\u00e9 energetick\u00e9 agentury.<\/h5>\n<p>&nbsp;<\/p>\n<p>&nbsp;<\/p>\n<p align=\"JUSTIFY\">Spolek zah\u00e1jil spolupr\u00e1ci i s\u00a0Ministerstvem dopravy a s brn\u011bnsk\u00fdm\u00a0 Centrem dopravn\u00edho v\u00fdzkumu. N\u00e1sledn\u011b v\u00a0\u00fazk\u00e9 spolupr\u00e1ci s\u00a0CDV uspo\u0159\u00e1dal pod z\u00e1\u0161titou ministerstev dopravy, \u017eivotn\u00edho prost\u0159ed\u00ed, zdravotnictv\u00ed a St\u00e1tn\u00edho zdravotn\u00edho \u00fastavu velkou dvoudenn\u00ed konferenci \u201eDoprava, zdrav\u00ed a \u017eivotn\u00ed prost\u0159ed\u00ed\u201c. Informovala o nejnov\u011bj\u0161\u00edch v\u00fdsledc\u00edch v\u00fdzkumu a sledov\u00e1n\u00ed vlivu dopravy na \u017eivotn\u00ed prost\u0159ed\u00ed. Konference byla i d\u00edky CDV, kter\u00fd se stal v\u00a0pr\u016fb\u011bhu jej\u00ed p\u0159\u00edpravy skupinov\u00fdm \u010dlenem \u010cSP\u017dP, velice \u00fasp\u011b\u0161n\u00e1. Vy\u00fastila v\u00a0usnesen\u00ed, kter\u00fdm \u00fa\u010dastn\u00edci podpo\u0159ili \u00fasil\u00ed M\u017dP o omezen\u00ed dovozu ojet\u00fdch automobil\u016f, a kter\u00e9 bylo p\u0159ed\u00e1no odpov\u00eddaj\u00edc\u00edm ministr\u016fm a org\u00e1n\u016fm.<\/p>\n<p align=\"JUSTIFY\">V\u00fdbor \u010cSP\u017dP se d\u00e1le rozhodl, \u017ee se pokus\u00ed p\u0159isp\u011bt svou \u010dinnost\u00ed k\u00a0osv\u011btlen\u00ed \u00fasil\u00ed o omezen\u00ed neleg\u00e1ln\u00edch \u010dinnost\u00ed v \u017eivotn\u00edm prost\u0159ed\u00ed a k\u00a0jeho \u00fasp\u011bchu. Po porad\u011b s\u00a0vedouc\u00edmi pracovn\u00edky M\u017dP rozhodl o uspo\u0159\u00e1d\u00e1n\u00ed serie semin\u00e1\u0159\u016f \u201e<strong>Neleg\u00e1ln\u00ed \u010diny v\u00a0\u017eivotn\u00edm prost\u0159ed\u00ed \u2013 kontrola a sankce<\/strong>\u201c (v\u017edy dva v\u00a0jednom kalend\u00e1\u0159n\u00edm roce)<strong>,<\/strong> zam\u011b\u0159en\u00fdch na jednotliv\u00e9 z\u00e1va\u017en\u00e9 oblasti. V\u00a0r\u00e1mci t\u00e9to serie spolupracujeme nejen s\u00a0M\u017dP, \u010cI\u017dP, ale i s\u00a0Policejn\u00edm prezidiem, celn\u00ed spr\u00e1vou, Hasi\u010dsk\u00fdm z\u00e1chrann\u00fdm sborem a dal\u0161\u00edmi odborn\u011b p\u0159\u00edslu\u0161n\u00fdmi organizacemi. Semin\u00e1\u0159e jsou v\u00edt\u00e1ny jak odbornou ve\u0159ejnost\u00ed, tak i pracovn\u00edky st\u00e1tn\u00ed spr\u00e1vy, kte\u0159\u00ed jsou za danou oblast zodpov\u011bdn\u00ed. V\u00a0pr\u016fb\u011bhu semin\u00e1\u0159\u016f prob\u00edh\u00e1 \u017eiv\u00e1, otev\u0159en\u00e1, podn\u011btn\u00e1 diskuze, \u010dasov\u011b zna\u010dn\u011b p\u0159esahuj\u00edc\u00ed stanovenou \u010dasovou mez.<\/p>\n<p align=\"JUSTIFY\">Prvn\u00ed ze\u00a0semin\u00e1\u0159\u016f, uspo\u0159\u00e1dan\u00fd v\u00a0\u00fanoru 2006, byl aktu\u00e1ln\u011b zam\u011b\u0159en na problematiku neleg\u00e1ln\u00edho <strong>dovozu odpadu ze<\/strong> <strong>zahrani\u010d\u00ed<\/strong>. Te byl nepl\u00e1novan\u011b aktu\u00e1ln\u011b znovu uspo\u0159\u00e1d\u00e1n, vzhledem k\u00a0vyd\u00e1n\u00ed nov\u00e9ho na\u0159\u00edzen\u00ed stanovuj\u00edc\u00edho nov\u00e9 po\u017eadavky na povolen\u00ed p\u0159eshrani\u010dn\u00edho pohybu odpad\u016f, v\u00a0\u0159\u00edjnu 2007.<\/p>\n<p align=\"JUSTIFY\">Druh\u00fd semin\u00e1\u0159 t\u00e9to serie byl zam\u011b\u0159en na neleg\u00e1ln\u00ed <strong>nakl\u00e1d\u00e1n\u00ed s\u00a0chr\u00e1n\u011bn\u00fdmi voln\u011b \u017eij\u00edc\u00edmi \u017eivo\u010dichy a rostlinami <\/strong>(\u00famluva CITES)<strong>. <\/strong><\/p>\n<p align=\"JUSTIFY\">Dal\u0161\u00ed dosud uskute\u010dn\u011bn\u00fd semin\u00e1\u0159 byl v\u011bnov\u00e1n <strong>nakl\u00e1d\u00e1n\u00ed s\u00a0nerostn\u00fdmi surovinami a ne\u017eiv\u00fdmi p\u0159\u00edrodninami.<\/strong><\/p>\n<h5 align=\"JUSTIFY\"><\/h5>\n<p align=\"JUSTIFY\">MEZIN\u00c1RODN\u00cd SPOLUPR\u00c1CE<\/p>\n<p align=\"JUSTIFY\">O dobr\u00e9m p\u016fsoben\u00ed \u010cesk\u00e9ho spolku pro \u017eivotn\u00ed prost\u0159ed\u00ed sv\u011bd\u010d\u00ed i skute\u010dnost, \u017ee j\u00ed bylo Ministerstvem \u017eivotn\u00edho prost\u0159ed\u00ed \u2013 projektem UNEP \/ GEF (Programem Spojen\u00fdch n\u00e1rod\u016f pro \u017eivotn\u00ed prost\u0159ed\u00ed \/ Sv\u011btov\u00fdm programem ochrany \u017eivotn\u00edho prost\u0159ed\u00ed) \u201eP\u0159\u00edstup ke genetick\u00fdm zdroj\u016fm,ochrana a udr\u017eiteln\u00e9 vyu\u017e\u00edv\u00e1n\u00ed biologick\u00e9 rozmanitosti\u201c sv\u011b\u0159eno uspo\u0159\u00e1d\u00e1n\u00ed semin\u00e1\u0159e \u201eOchrana rostlinn\u00fdch a \u017eivo\u010di\u0161n\u00fdch zdroj\u016f v\u00a0\u010cR, p\u0159\u00edstup u\u017eivatel\u016f k\u00a0nim a ot\u00e1zky biologick\u00e9 bezpe\u010dnosti\u201c. Program odpov\u00eddal c\u00edli kon\u010d\u00edc\u00edho projektu \u2013 p\u0159isp\u011bt k\u00a0pln\u011bn\u00ed \u00damluvy o biologick\u00e9 rozmanitosti v\u00a0\u010cR a rozd\u011blov\u00e1n\u00ed p\u0159\u00ednos\u016f i k ochran\u011b specializovan\u00fdch sb\u00edrek rostlin a \u017eivo\u010dich\u016f.<\/p>\n<p align=\"JUSTIFY\">Mezin\u00e1rodn\u00edho veden\u00ed projektu rozhodlo, vzhledem k p\u0159\u00edzniv\u00e9mu ohlasu semin\u00e1\u0159e, o uspo\u0159\u00e1d\u00e1n\u00ed dal\u0161\u00edho semin\u00e1\u0159e, v\u011bnovan\u00e9ho v\u00fdsledk\u016fm projektu UNEP \/ GEF \u201e<strong>P\u0159\u00edstup ke genetick\u00fdm zdroj\u016fm a rozd\u011blov\u00e1n\u00ed p\u0159\u00ednos\u016f z\u00a0nich, ochrana a udr\u017eiteln\u00e9 vyu\u017e\u00edv\u00e1n\u00ed biologick\u00e9 rozmanitosti d\u016fle\u017eit\u00e9 pro zem\u011bd\u011blstv\u00ed, lesnictv\u00ed a v\u00fdzkum<\/strong>\u201c, kter\u00fd prob\u00edhal od srpna 2004 do konce r. 2005. C\u00edlem projektu bylo p\u0159isp\u011bt k\u00a0pln\u011bn\u00ed \u00damluvy o biologick\u00e9 rozmanitosti v\u00a0\u010cR se zam\u011b\u0159en\u00edm p\u0159edev\u0161\u00edm na t\u0159et\u00ed c\u00edl \u00damluvy, tj. p\u0159\u00edstup ke genetick\u00fdm zdroj\u016fm a rozd\u011blov\u00e1n\u00ed p\u0159\u00ednos\u016f z\u00a0nich a ochranu specializovan\u00fdch sb\u00edrek rostlin a \u017eivo\u010dich\u016f. I tento semin\u00e1\u0159 se uskute\u010dnil za finan\u010dn\u00edho pokryt\u00ed projektem UNEP \/ GEF. Rovn\u011b\u017e semin\u00e1\u0159, uskute\u010dn\u011bn\u00fd v\u00a0\u0159\u00edjnu t.r.\u201c<strong>Genetick\u00e9 modifikace a opat\u0159en\u00ed k\u00a0zaji\u0161t\u011bn\u00ed biologick\u00e9 bezpe\u010dnosti\u201c, <\/strong>byl v\u00fdsledkem projektu UNEP \/ GEF a jako takov\u00fd byl j\u00edm \u010d\u00e1ste\u010dn\u011b finan\u010dn\u011b pokryt.<\/p>\n<p align=\"JUSTIFY\">\u010cSP\u017dP se velice v\u00e1\u017e\u00ed nab\u00eddky \u010dlenstv\u00ed a posl\u00e9ze p\u0159ijet\u00ed za \u010dlena (v roce 2006) \u00a0EFAEP \u2013 Evropsk\u00e9 federace (nevl\u00e1dn\u00edch) spole\u010dnost\u00ed odborn\u00edk\u016f pro ochranu \u017eivotn\u00edho prost\u0159ed\u00ed. \u010clenstv\u00ed v\u00a0t\u00e9to presti\u017en\u00ed organizaci zvy\u0161uje i mo\u017enosti v\u0161estrann\u00e9 spolupr\u00e1ce se v\u0161emi evropsk\u00fdmi st\u00e1ty v\u00a0r\u00e1mci p\u00e9\u010de o \u017eivotn\u00ed prost\u0159ed\u00ed (na p\u0159\u00edklad za\u0159azen\u00ed na\u0161ich odborn\u00edk\u016f do evropsk\u00e9 datab\u00e1ze odborn\u00edk\u016f, zab\u00fdvaj\u00edc\u00edch se \u00a0p\u00e9\u010d\u00ed o \u017eivotn\u00ed prost\u0159ed\u00ed, jejich pr\u00e1ce pro Evropskou komisi a na v\u00fdzna\u010dn\u00fdch evropsk\u00fdch projektech. V\u0161ichni \u010dlenov\u00e9 Spolku pravideln\u011b dost\u00e1vaj\u00ed Zpr\u00e1vy EFAEP, aktu\u00e1ln\u011b informuj\u00edc\u00ed o p\u0159ipravovan\u00fdch a nejnov\u011bj\u0161\u00edch opat\u0159en\u00ed EU v\u00a0p\u00e9\u010di o \u017eivotn\u00ed prost\u0159ed\u00ed. EFAEP ocenil \u010dinnost \u010cSP\u017dP pov\u011b\u0159en\u00edm uspo\u0159\u00e1d\u00e1n\u00ed sv\u00e9 valn\u00e9 hromady roku ve dnech 31. kv\u011btna \/ 1. \u010dervna 2007. \u00dasp\u011b\u0161n\u011b prob\u011bhla v\u00a0prostor\u00e1ch domu \u010cSVTS na Novotn\u00e9ho l\u00e1vce v\u00a0Praze 1.<\/p>\n<p align=\"JUSTIFY\">\u010cLENSTV\u00cd V\u00a0\u010cSVTS<\/p>\n<p align=\"JUSTIFY\">\u00da\u010dastn\u00edci valn\u00fdch hromad \u010cSP\u017dP, v\u011bdomi si v\u00fdznamu \u010cesk\u00e9ho svazu v\u011bdeckotechnick\u00fdch spole\u010dnost\u00ed pro rozvoj \u010cesk\u00e9 republiky, opakovan\u011b projevili sv\u016fj z\u00e1jem o \u010dlenstv\u00ed v\u00a0\u010cSVTS. Po sezn\u00e1men\u00ed se stanovami \u010cSVTS s\u00a0nimi vyslovili souhlas a ulo\u017eili v\u00fdboru \u010cSP\u017dP po\u017e\u00e1dat o p\u0159ijet\u00ed za \u010dlena \u010cesk\u00e9ho svazu v\u011bdeckotechnick\u00fdch spole\u010dnost\u00ed. V\u0161ichni \u010dlenov\u00e9 Spolku p\u0159iv\u00edtali, \u017ee Valn\u00e1 hromada \u010cSVTS, konan\u00e1 v\u00a0kv\u011btnu 2007, p\u0159ijala \u010cesk\u00fd spolek pro p\u00e9\u010di o \u017eivotn\u00ed prost\u0159ed\u00ed za sv\u00e9ho \u010dlena. V\u011b\u0159\u00ed, \u017ee se jim poda\u0159\u00ed b\u00fdt platn\u00fdm \u010dlenem \u010cesk\u00e9ho svazu v\u011bdecko-technick\u00fdch spole\u010dnost\u00ed, podporuj\u00edc\u00edm \u00fasil\u00ed \u010cSVTS o sklouben\u00ed rozvoje \u010cesk\u00e9 republiky s\u00a0p\u00e9\u010d\u00ed o \u017eivotn\u00ed prost\u0159ed\u00ed, o podporu udr\u017eiteln\u00e9ho rozvoje.<\/p>\n<p>&nbsp;<\/p>\n<p>Z\u00c1V\u011aR<\/p>\n<p>&nbsp;<\/p>\n<p align=\"JUSTIFY\">V\u00fdbor \u010cSP\u017dP je r\u00e1d, \u017ee si Spolek pomalu, ale jist\u011b hled\u00e1 \u2013 a nach\u00e1z\u00ed \u201esv\u00e9 m\u00edsto na slunci\u201c. \u0158\u00edd\u00ed se z\u00e1sadou, \u017ee nesta\u010d\u00ed kritizovat nep\u011bkn\u00e9 skute\u010dnosti, ale je nutno d\u011blat v\u0161e, co je v\u00a0jeho mo\u017enostech, pro jejich odstran\u011bn\u00ed a n\u00e1pravu.<\/p>\n<p align=\"JUSTIFY\">V\u00fdbor Spolku p\u0159edpokl\u00e1d\u00e1, \u017ee bude pokra\u010dovat v\u00a0dosavadn\u00ed \u010dinnosti a rozv\u00edjet ji. P\u0159edpokladem rozvoje \u010dinnosti je ustaven\u00ed funkce tajemn\u00edka \u010cSP\u017dP a zaji\u0161t\u011bn\u00ed mo\u017enosti jej\u00ed propl\u00e1cen\u00ed.<\/p>\n<p>&nbsp;<\/p>\n<p>&nbsp;<\/p>\n<p>Praha, \u0159\u00edjen 2007 \u2013 Ing. Libu\u0161e Deylov\u00e1, m\u00edstop\u0159edsedkyn\u011b \u010cSP\u017dP.<\/p>\n","protected":false},"excerpt":{"rendered":"<p>2014: &nbsp; I n f o r m a c e\u00a0 o\u00a0 s\u00a0e m i n \u00e1 \u0159 i Semin\u00e1\u0159e \u201eZku\u0161enosti z\u00a0povodn\u00ed posledn\u00edch dvaceti let a jejich vyu\u017eit\u00ed v\u00a0p\u0159ipravenosti a prevenci\u201c, kter\u00fd pod z\u00e1\u0161titou ministra zem\u011bd\u011blstv\u00ed uspo\u0159\u00e1dal dne 27. \u00fanora 2014 spole\u010dn\u011b \u010cesk\u00fd spolek pro p\u00e9\u010di o \u017eivotn\u00ed prost\u0159ed\u00ed a \u010cesk\u00fd n\u00e1rodn\u00ed v\u00fdbor pro omezov\u00e1n\u00ed [&hellip;]<\/p>\n","protected":false},"author":3,"featured_media":0,"parent":303,"menu_order":9,"comment_status":"closed","ping_status":"closed","template":"","meta":{"footnotes":""},"class_list":["post-216","page","type-page","status-publish","hentry"],"_links":{"self":[{"href":"http:\/\/www.spolky-csvts.cz\/spolekzp\/wp-json\/wp\/v2\/pages\/216","targetHints":{"allow":["GET"]}}],"collection":[{"href":"http:\/\/www.spolky-csvts.cz\/spolekzp\/wp-json\/wp\/v2\/pages"}],"about":[{"href":"http:\/\/www.spolky-csvts.cz\/spolekzp\/wp-json\/wp\/v2\/types\/page"}],"author":[{"embeddable":true,"href":"http:\/\/www.spolky-csvts.cz\/spolekzp\/wp-json\/wp\/v2\/users\/3"}],"replies":[{"embeddable":true,"href":"http:\/\/www.spolky-csvts.cz\/spolekzp\/wp-json\/wp\/v2\/comments?post=216"}],"version-history":[{"count":24,"href":"http:\/\/www.spolky-csvts.cz\/spolekzp\/wp-json\/wp\/v2\/pages\/216\/revisions"}],"predecessor-version":[{"id":220,"href":"http:\/\/www.spolky-csvts.cz\/spolekzp\/wp-json\/wp\/v2\/pages\/216\/revisions\/220"}],"up":[{"embeddable":true,"href":"http:\/\/www.spolky-csvts.cz\/spolekzp\/wp-json\/wp\/v2\/pages\/303"}],"wp:attachment":[{"href":"http:\/\/www.spolky-csvts.cz\/spolekzp\/wp-json\/wp\/v2\/media?parent=216"}],"curies":[{"name":"wp","href":"https:\/\/api.w.org\/{rel}","templated":true}]}}